{"id":17017,"date":"2019-02-07T13:44:27","date_gmt":"2019-02-07T12:44:27","guid":{"rendered":"https:\/\/www.projekt-i-quadrat.de\/?page_id=17017"},"modified":"2019-02-27T10:39:25","modified_gmt":"2019-02-27T09:39:25","slug":"gefaehrdung-durch-rueckstau","status":"publish","type":"page","link":"https:\/\/www.projekt-i-quadrat.de\/index.php\/gefaehrdung\/gefaehrdung-durch-rueckstau\/","title":{"rendered":"R\u00fcckstau &#8211; Gef\u00e4hrdung"},"content":{"rendered":"<p><div class=\"fusion-fullwidth fullwidth-box fusion-builder-row-1 nonhundred-percent-fullwidth non-hundred-percent-height-scrolling\" style=\"background-color: #ffffff;background-position: center center;background-repeat: no-repeat;padding-top:0px;padding-right:0px;padding-bottom:0px;padding-left:0px;margin-bottom: 0px;margin-top: 0px;border-width: 0px 0px 0px 0px;border-color:#eae9e9;border-style:solid;\" ><div class=\"fusion-builder-row fusion-row\"><div class=\"fusion-layout-column fusion_builder_column fusion-builder-column-0 fusion_builder_column_1_2 1_2 fusion-one-half fusion-column-first\" style=\"width:50%;width:calc(50% - ( ( 4% ) * 0.5 ) );margin-right: 4%;margin-top:0px;margin-bottom:20px;\"><div class=\"fusion-column-wrapper fusion-flex-column-wrapper-legacy\" style=\"background-position:left top;background-repeat:no-repeat;-webkit-background-size:cover;-moz-background-size:cover;-o-background-size:cover;background-size:cover;border:2px solid #ba1a1a;padding: 10px 20px 10px 20px;\"><div class=\"fusion-text fusion-text-1\"><h2><span style=\"color: #ba1a1a;\">Ist mein Geb\u00e4ude durch R\u00fcckstau aus dem Kanal gef\u00e4hrdet?<\/span><\/h2>\n<ul>\n<li>Befinden sich in Ihrem Haus Ablaufstellen wie Waschbecken, Bodenabl\u00e4ufe und Toiletten, die unterhalb der R\u00fcckstauebene liegen, also unter der Gehwegoberkante vor ihrem Haus?<\/li>\n<li>Haben Sie Waschmaschinen, Heizungen oder Sanit\u00e4reinrichtungen, die unterhalb der R\u00fcckstauebene angeschlossen sind?<\/li>\n<li>An au\u00dfen liegenden Kellertreppen oder Tiefgaragenzufahrten befindet sich ein Bodenablauf, der an den Kanal angeschlossen ist?<\/li>\n<li>Ihre Dachfl\u00e4chen oder andere Entw\u00e4sserungseinrichtungen oberhalb der R\u00fcckstauebene entw\u00e4ssern<br \/>\n\u00fcber eine R\u00fcckstausicherung?<\/li>\n<li>Verf\u00fcgt Ihr Geb\u00e4ude \u00fcber Reinigungs\u00f6ffnungen und Sch\u00e4chte unterhalb der R\u00fcckstauebene?<\/li>\n<\/ul>\n<p><span style=\"font-size: 13px; line-height: 1.2;\">Quelle: Stadtentw\u00e4sserungsbetriebe (StEB) K\u00f6ln 2016: Wassersensibel planen und bauen in K\u00f6ln, Leitfaden zur Starkregenvorsorge f\u00fcr Hauseigent\u00fcmer, Bauwillige und Architekten<\/span><\/p>\n<p><span style=\"color: #ba1a1a;\">\/\/\/ Wenn Sie eine oder mehrere dieser Fragen mit \u201eJa\u201c beantwortet haben, sollten Sie umgehend handeln.<\/span><\/p>\n<\/div><div class=\"fusion-clearfix\"><\/div><\/div><\/div><div class=\"fusion-layout-column fusion_builder_column fusion-builder-column-1 fusion_builder_column_1_2 1_2 fusion-one-half fusion-column-last\" style=\"width:50%;width:calc(50% - ( ( 4% ) * 0.5 ) );margin-top:0px;margin-bottom:20px;\"><div class=\"fusion-column-wrapper fusion-flex-column-wrapper-legacy\" style=\"background-position:left top;background-repeat:no-repeat;-webkit-background-size:cover;-moz-background-size:cover;-o-background-size:cover;background-size:cover;padding: 0px 0px 0px 0px;\"><div class=\"fusion-text fusion-text-2\"><p>Auch wenn Ihr Haus weder nah am Wasser gebaut ist, noch am Ende einer absch\u00fcssigen Stra\u00dfe liegt \u2013 es besteht trotzdem Gefahr durch Starkregen! Denn dieser sorgt mitunter daf\u00fcr, dass die \u00f6ffentliche Kanalisation kurzfristig \u00fcberlastet ist. Dann flutet das Regenwasser die Kanalisation und staut bis auf die Stra\u00dfenoberfl\u00e4che ein, der so genannten R\u00fcckstauebene. Die Folge: Es dr\u00fcckt zu den angeschlossenen Grundst\u00fccken zur\u00fcck und l\u00e4uft \u00fcber angeschlossene Ablaufstellen wie Waschbecken, Toiletten, Duschen oder Waschmaschinen in die Geb\u00e4udeteile. Doch davor kann man sich sch\u00fctzen: Sofern alle Ablaufstellen, die tiefer als die R\u00fcckstauebene liegen mit einer Abwasserhebeanlage (Pumpe) oberhalb der R\u00fcckstauebene angeschlossen sind, kann eine \u00dcberschwemmung, die aus dem Kanal kommt, verhindert werden. In \u00e4lteren H\u00e4usern fehlt h\u00e4ufig eine entsprechende Sicherheitsvorkehrung, obwohl diese gesetzlich vorgeschrieben ist. Wer unsicher ist, ob seine\u00a0 Immobilie vor R\u00fcckstau gesch\u00fctzt ist, sollte dies umgehend pr\u00fcfen lassen, denn f\u00fcr solche Sch\u00e4den kommt der Eigent\u00fcmer selbst auf. St\u00e4dte und Kommunen \u00fcbernehmen keine Haftung!<\/p>\n<p><span style=\"color: #ba1a1a;\">Aufgepasst<\/span><span style=\"color: #1a80b6;\"> \/\/\/ Die Erstellung und \u00c4nderung von Entw\u00e4sserungsanlagen muss genehmigt werden. Sprechen sie ihren Fachbetrieb oder die Entsorgungsbetriebe L\u00fcbeck direkt darauf an.<\/span><\/p>\n<p><span style=\"color: #1a80b6;\">\/\/\/ Pr\u00fcfen Sie, ob es in Ihrem bestehenden oder geplanten Haus zu R\u00fcckstau von Wasser aus dem Kanal kommen kann. Folgende Checkliste hilft Ihnen dabei, planerische und bauliche Schwachstellen zu erkennen. Au\u00dferdem erhalten Sie Anregungen, worauf Sie in Sachen R\u00fcckstausicherung achten sollten.<\/span><\/p>\n<\/div><div class=\"fusion-button-wrapper\"><style type=\"text\/css\">.fusion-button.button-1 {border-radius:2px;}<\/style><a class=\"fusion-button button-flat fusion-button-default-size button-default button-1 fusion-button-default-span fusion-button-default-type\" target=\"_self\" href=\"https:\/\/www.projekt-i-quadrat.de\/index.php\/themen\/abhilfe\/rueckstau-aus-der-kanalisation-abhilfe\/\"><i class=\"fa-angle-double-right fas button-icon-left\" aria-hidden=\"true\"><\/i><span class=\"fusion-button-text\">Abhilfe<\/span><\/a><\/div><div class=\"fusion-clearfix\"><\/div><\/div><\/div><\/div><\/div><div class=\"fusion-fullwidth fullwidth-box fusion-builder-row-2 nonhundred-percent-fullwidth non-hundred-percent-height-scrolling\" style=\"background-color: #ffffff;background-position: center center;background-repeat: no-repeat;padding-top:0px;padding-right:0px;padding-bottom:0px;padding-left:0px;margin-bottom: 0px;margin-top: 0px;border-width: 0px 0px 0px 0px;border-color:#2381c1;border-style:solid;\" ><div class=\"fusion-builder-row fusion-row\"><div class=\"fusion-layout-column fusion_builder_column fusion-builder-column-2 fusion_builder_column_1_1 1_1 fusion-one-full fusion-column-first fusion-column-last fusion-column-no-min-height\" style=\"margin-top:0px;margin-bottom:20px;\"><div class=\"fusion-column-wrapper fusion-flex-column-wrapper-legacy\" style=\"background-position:left top;background-repeat:no-repeat;-webkit-background-size:cover;-moz-background-size:cover;-o-background-size:cover;background-size:cover;padding: 0px 0px 0px 0px;\"><div class=\"fusion-sep-clear\"><\/div><div class=\"fusion-separator fusion-full-width-sep\" style=\"margin-left: auto;margin-right: auto;margin-top:20px;margin-bottom:20px;width:100%;\"><div class=\"fusion-separator-border sep-single sep-solid\" style=\"border-color:#2381c1;border-top-width:3px;\"><\/div><\/div><div class=\"fusion-sep-clear\"><\/div><div class=\"fusion-text fusion-text-3\"><h3 style=\"text-align: center;\">Gef\u00f6rdert durch:<\/h3>\n<\/div><div class=\"imageframe-align-center\"><span class=\" fusion-imageframe imageframe-none imageframe-1 hover-type-none\"><a class=\"fusion-no-lightbox\" href=\"https:\/\/www.bmu.de\/\" target=\"_blank\" aria-label=\"logo_bmu\" rel=\"noopener noreferrer\"><img decoding=\"async\" width=\"165\" height=\"98\" alt=\"Logo BMU Bundesministerieum f\u00fcr Umwelt und Naturschutz\" src=\"https:\/\/www.projekt-i-quadrat.de\/\/wp-content\/uploads\/2018\/07\/logo_bmu.jpg\" class=\"img-responsive wp-image-16265\"\/><\/a><\/span><\/div><div class=\"fusion-text fusion-text-4\"><h3 style=\"text-align: center;\">Projektpartner:<\/h3>\n<\/div><div class=\"fusion-clearfix\"><\/div><\/div><\/div><div class=\"fusion-layout-column fusion_builder_column fusion-builder-column-3 fusion_builder_column_1_3 1_3 fusion-one-third fusion-column-first\" style=\"width:33.3333333333%;width:calc(33.3333333333% - ( ( 4% + 4% ) * 0.333333333333 ) );margin-right: 4%;margin-top:0px;margin-bottom:20px;\"><div class=\"fusion-column-wrapper fusion-flex-column-wrapper-legacy\" style=\"background-position:left top;background-repeat:no-repeat;-webkit-background-size:cover;-moz-background-size:cover;-o-background-size:cover;background-size:cover;padding: 0px 0px 0px 0px;\"><div class=\"fusion-column-content-centered\"><div class=\"fusion-column-content\"><div class=\"imageframe-align-center\"><span class=\" fusion-imageframe imageframe-none imageframe-2 hover-type-none\"><a class=\"fusion-no-lightbox\" href=\"http:\/\/www.hydrometeo.de\/\" target=\"_blank\" aria-label=\"logoHM_neu_web-normal\" rel=\"noopener noreferrer\"><img decoding=\"async\" width=\"200\" height=\"90\" alt=\"Logo hydro &amp; meteo\" src=\"https:\/\/www.projekt-i-quadrat.de\/wp-content\/uploads\/2020\/01\/logoHM_neu_web-normal.png\" class=\"img-responsive wp-image-17229\"\/><\/a><\/span><\/div><\/div><\/div><div class=\"fusion-clearfix\"><\/div><\/div><\/div><div class=\"fusion-layout-column fusion_builder_column fusion-builder-column-4 fusion_builder_column_1_3 1_3 fusion-one-third\" style=\"width:33.3333333333%;width:calc(33.3333333333% - ( ( 4% + 4% ) * 0.333333333333 ) );margin-right: 4%;margin-top:0px;margin-bottom:20px;\"><div class=\"fusion-column-wrapper fusion-flex-column-wrapper-legacy\" style=\"background-position:left top;background-repeat:no-repeat;-webkit-background-size:cover;-moz-background-size:cover;-o-background-size:cover;background-size:cover;padding: 0px 0px 0px 0px;\"><div class=\"fusion-column-content-centered\"><div class=\"fusion-column-content\"><div class=\"imageframe-align-center\"><span class=\" fusion-imageframe imageframe-none imageframe-3 hover-type-none\" style=\"max-width:160px;\"><a class=\"fusion-no-lightbox\" href=\"https:\/\/www.fh-luebeck.de\/hochschule\/fachbereich-bauwesen\/labore\/labor-fuer-staedtebau-und-ortsplanung\/uebersicht\/\" target=\"_blank\" aria-label=\"TH_Logo_A4_RGB\" rel=\"noopener noreferrer\"><img decoding=\"async\" width=\"300\" height=\"106\" alt=\"Logo FHL Fachhochschule L\u00fcbeck\" src=\"https:\/\/www.projekt-i-quadrat.de\/wp-content\/uploads\/2018\/10\/TH_Logo_A4_RGB-300x106.png\" class=\"img-responsive wp-image-16382\"\/><\/a><\/span><\/div><\/div><\/div><div class=\"fusion-clearfix\"><\/div><\/div><\/div><div class=\"fusion-layout-column fusion_builder_column fusion-builder-column-5 fusion_builder_column_1_3 1_3 fusion-one-third fusion-column-last\" style=\"width:33.3333333333%;width:calc(33.3333333333% - ( ( 4% + 4% ) * 0.333333333333 ) );margin-top:0px;margin-bottom:20px;\"><div class=\"fusion-column-wrapper fusion-flex-column-wrapper-legacy\" style=\"background-position:left top;background-repeat:no-repeat;-webkit-background-size:cover;-moz-background-size:cover;-o-background-size:cover;background-size:cover;padding: 0px 0px 0px 0px;\"><div class=\"fusion-column-content-centered\"><div class=\"fusion-column-content\"><div class=\"imageframe-align-center\"><span class=\" fusion-imageframe imageframe-none imageframe-4 hover-type-none\"><a class=\"fusion-no-lightbox\" href=\"http:\/\/www.luebeck.de\/bewohner\/umwelt_gesundheit\/\" target=\"_blank\" aria-label=\"HL-NAMENSZEICHEN_skal\" rel=\"noopener noreferrer\"><img decoding=\"async\" width=\"300\" height=\"90\" alt=\"Logo Hansestadt L\u00fcbeck\" src=\"https:\/\/www.projekt-i-quadrat.de\/wp-content\/uploads\/2021\/03\/HL-NAMENSZEICHEN_skal-1-300x90.png\" class=\"img-responsive wp-image-17332\" srcset=\"https:\/\/www.projekt-i-quadrat.de\/wp-content\/uploads\/2021\/03\/HL-NAMENSZEICHEN_skal-1-200x60.png 200w, https:\/\/www.projekt-i-quadrat.de\/wp-content\/uploads\/2021\/03\/HL-NAMENSZEICHEN_skal-1-400x120.png 400w, https:\/\/www.projekt-i-quadrat.de\/wp-content\/uploads\/2021\/03\/HL-NAMENSZEICHEN_skal-1.png 600w\" sizes=\"(max-width: 800px) 100vw, 400px\" \/><\/a><\/span><\/div><\/div><\/div><div class=\"fusion-clearfix\"><\/div><\/div><\/div><div class=\"fusion-layout-column fusion_builder_column fusion-builder-column-6 fusion_builder_column_1_1 1_1 fusion-one-full fusion-column-first fusion-column-last\" style=\"margin-top:0px;margin-bottom:20px;\"><div class=\"fusion-column-wrapper fusion-flex-column-wrapper-legacy\" style=\"background-position:left top;background-repeat:no-repeat;-webkit-background-size:cover;-moz-background-size:cover;-o-background-size:cover;background-size:cover;padding: 0px 0px 0px 0px;\"><div class=\"fusion-text fusion-text-5\"><h3 style=\"text-align: center;\">Kooperationspartner:<\/h3>\n<\/div><div class=\"fusion-clearfix\"><\/div><\/div><\/div><div class=\"fusion-layout-column fusion_builder_column fusion-builder-column-7 fusion_builder_column_1_4 1_4 fusion-one-fourth fusion-column-first\" style=\"width:25%;width:calc(25% - ( ( 4% + 4% + 4% ) * 0.25 ) );margin-right: 4%;margin-top:0px;margin-bottom:20px;\"><div class=\"fusion-column-wrapper fusion-flex-column-wrapper-legacy\" style=\"background-position:left top;background-repeat:no-repeat;-webkit-background-size:cover;-moz-background-size:cover;-o-background-size:cover;background-size:cover;padding: 0px 0px 0px 0px;\"><div class=\"fusion-column-content-centered\"><div class=\"fusion-column-content\"><div class=\"imageframe-align-center\"><span class=\" fusion-imageframe imageframe-none imageframe-5 hover-type-none\"><a class=\"fusion-no-lightbox\" href=\"https:\/\/www.vermessung-holst.de \" target=\"_blank\" aria-label=\"Logo_Holst_Helten\" rel=\"noopener noreferrer\"><img decoding=\"async\" width=\"300\" height=\"49\" alt=\"Logo Vermessungsb\u00fcro Holst und Helten\" src=\"https:\/\/www.projekt-i-quadrat.de\/\/wp-content\/uploads\/2018\/07\/Logo_Holst_Helten-300x49.png\" class=\"img-responsive wp-image-16238\" srcset=\"https:\/\/www.projekt-i-quadrat.de\/wp-content\/uploads\/2018\/07\/Logo_Holst_Helten-200x33.png 200w, https:\/\/www.projekt-i-quadrat.de\/wp-content\/uploads\/2018\/07\/Logo_Holst_Helten-400x65.png 400w, https:\/\/www.projekt-i-quadrat.de\/wp-content\/uploads\/2018\/07\/Logo_Holst_Helten-600x98.png 600w, https:\/\/www.projekt-i-quadrat.de\/wp-content\/uploads\/2018\/07\/Logo_Holst_Helten.png 613w\" sizes=\"(max-width: 800px) 100vw, 400px\" \/><\/a><\/span><\/div><\/div><\/div><div class=\"fusion-clearfix\"><\/div><\/div><\/div><div class=\"fusion-layout-column fusion_builder_column fusion-builder-column-8 fusion_builder_column_1_4 1_4 fusion-one-fourth\" style=\"width:25%;width:calc(25% - ( ( 4% + 4% + 4% ) * 0.25 ) );margin-right: 4%;margin-top:0px;margin-bottom:20px;\"><div class=\"fusion-column-wrapper fusion-flex-column-wrapper-legacy\" style=\"background-position:left top;background-repeat:no-repeat;-webkit-background-size:cover;-moz-background-size:cover;-o-background-size:cover;background-size:cover;padding: 0px 0px 0px 0px;\"><div class=\"fusion-column-content-centered\"><div class=\"fusion-column-content\"><div class=\"imageframe-align-center\"><span class=\" fusion-imageframe imageframe-none imageframe-6 hover-type-none\"><a class=\"fusion-no-lightbox\" href=\"https:\/\/www.dres-donoth.de\" target=\"_blank\" aria-label=\"dft_logo\" rel=\"noopener noreferrer\"><img decoding=\"async\" width=\"251\" height=\"57\" alt=\"Logo Anwaltsb\u00fcro Donoth Fuhrmann T\u00fcxen\" src=\"https:\/\/www.projekt-i-quadrat.de\/\/wp-content\/uploads\/2018\/07\/dft_logo.png\" class=\"img-responsive wp-image-16232\" srcset=\"https:\/\/www.projekt-i-quadrat.de\/wp-content\/uploads\/2018\/07\/dft_logo-200x45.png 200w, https:\/\/www.projekt-i-quadrat.de\/wp-content\/uploads\/2018\/07\/dft_logo.png 251w\" sizes=\"(max-width: 800px) 100vw, 251px\" \/><\/a><\/span><\/div><\/div><\/div><div class=\"fusion-clearfix\"><\/div><\/div><\/div><div class=\"fusion-layout-column fusion_builder_column fusion-builder-column-9 fusion_builder_column_1_4 1_4 fusion-one-fourth\" style=\"width:25%;width:calc(25% - ( ( 4% + 4% + 4% ) * 0.25 ) );margin-right: 4%;margin-top:0px;margin-bottom:20px;\"><div class=\"fusion-column-wrapper fusion-flex-column-wrapper-legacy\" style=\"background-position:left top;background-repeat:no-repeat;-webkit-background-size:cover;-moz-background-size:cover;-o-background-size:cover;background-size:cover;padding: 0px 0px 0px 0px;\"><div class=\"fusion-column-content-centered\"><div class=\"fusion-column-content\"><div class=\"imageframe-align-center\"><span class=\" fusion-imageframe imageframe-none imageframe-7 hover-type-none\"><a class=\"fusion-no-lightbox\" href=\"http:\/\/www.stadtfehmarn.de\" target=\"_blank\" aria-label=\"Stadtwappen_Fehmarn2019_neu\" rel=\"noopener noreferrer\"><img decoding=\"async\" width=\"100\" height=\"109\" alt=\"Logo Stadt Fehmarn\" src=\"https:\/\/www.projekt-i-quadrat.de\/wp-content\/uploads\/2019\/08\/Stadtwappen_Fehmarn2019_neu.png\" class=\"img-responsive wp-image-17218\"\/><\/a><\/span><\/div><\/div><\/div><div class=\"fusion-clearfix\"><\/div><\/div><\/div><div class=\"fusion-layout-column fusion_builder_column fusion-builder-column-10 fusion_builder_column_1_4 1_4 fusion-one-fourth fusion-column-last\" style=\"width:25%;width:calc(25% - ( ( 4% + 4% + 4% ) * 0.25 ) );margin-top:0px;margin-bottom:20px;\"><div class=\"fusion-column-wrapper fusion-flex-column-wrapper-legacy\" style=\"background-position:left top;background-repeat:no-repeat;-webkit-background-size:cover;-moz-background-size:cover;-o-background-size:cover;background-size:cover;padding: 0px 0px 0px 0px;\"><div class=\"fusion-column-content-centered\"><div class=\"fusion-column-content\"><div class=\"imageframe-align-center\"><span class=\" fusion-imageframe imageframe-none imageframe-8 hover-type-none\"><a class=\"fusion-no-lightbox\" href=\"https:\/\/www.hameln.de\/de\/wirtschaft-stadt-umwelt\" target=\"_blank\" aria-label=\"StadtHameln_Logo_rgb\" rel=\"noopener noreferrer\"><img decoding=\"async\" width=\"105\" height=\"100\" alt=\"Logo Stadt Hameln\" src=\"https:\/\/www.projekt-i-quadrat.de\/wp-content\/uploads\/2021\/03\/StadtHameln_Logo_rgb.png\" class=\"img-responsive wp-image-17303\"\/><\/a><\/span><\/div><\/div><\/div><div class=\"fusion-clearfix\"><\/div><\/div><\/div><\/div><\/div>\n<\/p>\n","protected":false},"excerpt":{"rendered":"","protected":false},"author":1,"featured_media":0,"parent":16433,"menu_order":0,"comment_status":"closed","ping_status":"closed","template":"","meta":{"footnotes":""},"class_list":["post-17017","page","type-page","status-publish","hentry"],"aioseo_notices":[],"_links":{"self":[{"href":"https:\/\/www.projekt-i-quadrat.de\/index.php\/wp-json\/wp\/v2\/pages\/17017","targetHints":{"allow":["GET"]}}],"collection":[{"href":"https:\/\/www.projekt-i-quadrat.de\/index.php\/wp-json\/wp\/v2\/pages"}],"about":[{"href":"https:\/\/www.projekt-i-quadrat.de\/index.php\/wp-json\/wp\/v2\/types\/page"}],"author":[{"embeddable":true,"href":"https:\/\/www.projekt-i-quadrat.de\/index.php\/wp-json\/wp\/v2\/users\/1"}],"replies":[{"embeddable":true,"href":"https:\/\/www.projekt-i-quadrat.de\/index.php\/wp-json\/wp\/v2\/comments?post=17017"}],"version-history":[{"count":6,"href":"https:\/\/www.projekt-i-quadrat.de\/index.php\/wp-json\/wp\/v2\/pages\/17017\/revisions"}],"predecessor-version":[{"id":17174,"href":"https:\/\/www.projekt-i-quadrat.de\/index.php\/wp-json\/wp\/v2\/pages\/17017\/revisions\/17174"}],"up":[{"embeddable":true,"href":"https:\/\/www.projekt-i-quadrat.de\/index.php\/wp-json\/wp\/v2\/pages\/16433"}],"wp:attachment":[{"href":"https:\/\/www.projekt-i-quadrat.de\/index.php\/wp-json\/wp\/v2\/media?parent=17017"}],"curies":[{"name":"wp","href":"https:\/\/api.w.org\/{rel}","templated":true}]}}