{"id":16428,"date":"2018-12-06T09:35:30","date_gmt":"2018-12-06T08:35:30","guid":{"rendered":"https:\/\/www.projekt-i-quadrat.de\/?page_id=16428"},"modified":"2021-03-17T10:26:00","modified_gmt":"2021-03-17T09:26:00","slug":"ansprechpartner","status":"publish","type":"page","link":"https:\/\/www.projekt-i-quadrat.de\/index.php\/infos-und-ansprechpartner\/ansprechpartner\/","title":{"rendered":"Ansprechpartner"},"content":{"rendered":"<p><div class=\"fusion-fullwidth fullwidth-box fusion-builder-row-1 nonhundred-percent-fullwidth non-hundred-percent-height-scrolling\" style=\"background-color: #ffffff;background-position: center center;background-repeat: no-repeat;padding-top:0px;padding-right:0px;padding-bottom:0px;padding-left:0px;margin-bottom: 0px;margin-top: 0px;border-width: 0px 0px 0px 0px;border-color:#eae9e9;border-style:solid;\" ><div class=\"fusion-builder-row fusion-row\"><div class=\"fusion-layout-column fusion_builder_column fusion-builder-column-0 fusion_builder_column_1_1 1_1 fusion-one-full fusion-column-first fusion-column-last\" style=\"margin-top:0px;margin-bottom:20px;\"><div class=\"fusion-column-wrapper fusion-flex-column-wrapper-legacy\" style=\"background-position:left top;background-repeat:no-repeat;-webkit-background-size:cover;-moz-background-size:cover;-o-background-size:cover;background-size:cover;padding: 0px 0px 0px 0px;\"><style type=\"text\/css\"><\/style><div class=\"fusion-title title fusion-title-1 fusion-sep-none fusion-title-text fusion-title-size-two\" style=\"margin-top:0px;margin-right:0px;margin-bottom:31px;margin-left:0px;\"><h2 class=\"title-heading-left fusion-responsive-typography-calculated\" style=\"margin:0;--fontSize:20;--minFontSize:20px;line-height:1.5;\">Ihre Ansprechpartner<\/h2><\/div><div class=\"fusion-clearfix\"><\/div><\/div><\/div><div class=\"fusion-layout-column fusion_builder_column fusion-builder-column-1 fusion_builder_column_1_2 1_2 fusion-one-half fusion-column-first\" style=\"width:50%;width:calc(50% - ( ( 4% ) * 0.5 ) );margin-right: 4%;margin-top:0px;margin-bottom:20px;\"><div class=\"fusion-column-wrapper fusion-flex-column-wrapper-legacy\" style=\"background-position:left top;background-repeat:no-repeat;-webkit-background-size:cover;-moz-background-size:cover;-o-background-size:cover;background-size:cover;padding: 0px 0px 0px 0px;\"><span class=\" fusion-imageframe imageframe-none imageframe-1 hover-type-none\"><img decoding=\"async\" width=\"1920\" height=\"356\" alt=\"Logo: UNV L\u00fcbeck\" title=\"S.24_Titel_unv_logo_transparent\" src=\"https:\/\/www.projekt-i-quadrat.de\/wp-content\/uploads\/2018\/12\/S.24_Titel_unv_logo_transparent.png\" class=\"img-responsive wp-image-16656\" srcset=\"https:\/\/www.projekt-i-quadrat.de\/wp-content\/uploads\/2018\/12\/S.24_Titel_unv_logo_transparent-200x37.png 200w, https:\/\/www.projekt-i-quadrat.de\/wp-content\/uploads\/2018\/12\/S.24_Titel_unv_logo_transparent-400x74.png 400w, https:\/\/www.projekt-i-quadrat.de\/wp-content\/uploads\/2018\/12\/S.24_Titel_unv_logo_transparent-600x111.png 600w, https:\/\/www.projekt-i-quadrat.de\/wp-content\/uploads\/2018\/12\/S.24_Titel_unv_logo_transparent-800x148.png 800w, https:\/\/www.projekt-i-quadrat.de\/wp-content\/uploads\/2018\/12\/S.24_Titel_unv_logo_transparent-1200x223.png 1200w, https:\/\/www.projekt-i-quadrat.de\/wp-content\/uploads\/2018\/12\/S.24_Titel_unv_logo_transparent.png 1920w\" sizes=\"(max-width: 800px) 100vw, 600px\" \/><\/span><div class=\"fusion-clearfix\"><\/div><\/div><\/div><div class=\"fusion-layout-column fusion_builder_column fusion-builder-column-2 fusion_builder_column_1_2 1_2 fusion-one-half fusion-column-last\" style=\"width:50%;width:calc(50% - ( ( 4% ) * 0.5 ) );margin-top:0px;margin-bottom:20px;\"><div class=\"fusion-column-wrapper fusion-flex-column-wrapper-legacy\" style=\"background-position:left top;background-repeat:no-repeat;-webkit-background-size:cover;-moz-background-size:cover;-o-background-size:cover;background-size:cover;padding: 0px 0px 0px 0px;\"><div class=\"fusion-clearfix\"><\/div><\/div><\/div><div class=\"fusion-layout-column fusion_builder_column fusion-builder-column-3 fusion_builder_column_1_1 1_1 fusion-one-full fusion-column-first fusion-column-last\" style=\"margin-top:0px;margin-bottom:20px;\"><div class=\"fusion-column-wrapper fusion-flex-column-wrapper-legacy\" style=\"background-position:left top;background-repeat:no-repeat;-webkit-background-size:cover;-moz-background-size:cover;-o-background-size:cover;background-size:cover;padding: 0px 0px 0px 0px;\"><div class=\"fusion-text fusion-text-1\"><p>Der Bereich Umwelt-, Natur- und Verbraucherschutz der Hansestadt L\u00fcbeck ist Ansprechpartner f\u00fcr den Natur-, Gew\u00e4sser- und Klimaschutz, sowie f\u00fcr die Landschaftsplanung und den umweltbezogenen Gesundheitsschutz. Das bietet viele Handlungsm\u00f6glichkeiten zur Vorsorge &#8211; mit dem Ziel, drohende Auswirkungen und Sch\u00e4den nach Starkregenereignissen abzuwenden bzw. moderat zu halten.<\/p>\n<\/div><div class=\"fusion-clearfix\"><\/div><\/div><\/div><\/div><\/div><div class=\"fusion-fullwidth fullwidth-box fusion-builder-row-2 nonhundred-percent-fullwidth non-hundred-percent-height-scrolling\" style=\"background-color: #ffffff;background-position: center center;background-repeat: no-repeat;padding-top:0px;padding-right:0px;padding-bottom:0px;padding-left:0px;margin-bottom: 0px;margin-top: 0px;border-width: 0px 0px 0px 0px;border-color:#eae9e9;border-style:solid;\" ><div class=\"fusion-builder-row fusion-row\"><div class=\"fusion-layout-column fusion_builder_column fusion-builder-column-4 fusion_builder_column_1_2 1_2 fusion-one-half fusion-column-first\" style=\"width:50%;width:calc(50% - ( ( 4% ) * 0.5 ) );margin-right: 4%;margin-top:0px;margin-bottom:20px;\"><div class=\"fusion-column-wrapper fusion-flex-column-wrapper-legacy\" style=\"background-position:left top;background-repeat:no-repeat;-webkit-background-size:cover;-moz-background-size:cover;-o-background-size:cover;background-size:cover;padding: 0px 0px 0px 0px;\"><style type=\"text\/css\">#accordion-16428-1 .fusion-panel:hover, #accordion-16428-1 .fusion-panel.hover{ background-color: #f9f9f9 } #accordion-16428-1 .fusion-panel { border-color:#cccccc; border-width:1px; background-color:#ffffff; }.fusion-accordian  #accordion-16428-1 .panel-title a .fa-fusion-box{ color: #1a80b6;}.fusion-accordian  #accordion-16428-1 .panel-title a .fa-fusion-box:before{ font-size: 13px; width: 13px;}.fusion-accordian  #accordion-16428-1 .panel-title a:hover, #accordion-16428-1 .fusion-toggle-boxed-mode:hover .panel-title a { color: #1a80b6;}.fusion-accordian  #accordion-16428-1 .fusion-toggle-boxed-mode:hover .panel-title a .fa-fusion-box{ color: #1a80b6;}.fusion-accordian  #accordion-16428-1.fusion-toggle-icon-unboxed .fusion-panel .panel-title a:hover .fa-fusion-box{ color: #1a80b6 !important;}<\/style><div class=\"accordian fusion-accordian\"><div class=\"panel-group fusion-toggle-icon-unboxed\" id=\"accordion-16428-1\"><div class=\"fusion-panel panel-default fusion-toggle-no-divider fusion-toggle-boxed-mode\"><div class=\"panel-heading\"><h4 class=\"panel-title toggle\"><a class=\"active\" aria-expanded=\"true\" aria-controls=\"bb3ea717ab512641c\" role=\"button\" data-toggle=\"collapse\" data-parent=\"#accordion-16428-1\" data-target=\"#bb3ea717ab512641c\" href=\"#bb3ea717ab512641c\"><span class=\"fusion-toggle-icon-wrapper\" aria-hidden=\"true\"><i class=\"fa-fusion-box\" aria-hidden=\"true\"><\/i><\/span><span class=\"fusion-toggle-heading\">Gew\u00e4sserschutz<\/span><\/a><\/h4><\/div><div id=\"bb3ea717ab512641c\" class=\"panel-collapse collapse in\"><div class=\"panel-body toggle-content fusion-clearfix\">\n<p>Im Sinne des <strong>Gew\u00e4sserschutzes <\/strong>obliegt es der Unteren Wasserbeh\u00f6rde \u00fcber Antr\u00e4ge zur Versickerung sowie Einleitungen in Gew\u00e4sser (hinsichtlich der Wasseraufnahmef\u00e4higkeit von Gew\u00e4ssern u.a.) zu entscheiden. Regelm\u00e4\u00dfig durchgef\u00fchrte Gew\u00e4sserschauen dienen zur Kontrolle und Funktionspflege des Gew\u00e4ssers. Die Wasserbeh\u00f6rde kann Ma\u00dfnahmen zur Gew\u00e4sserunterhaltung fordern, die darauf ausgerichtet sind, das Wasser in der Fl\u00e4che zur\u00fcckzuhalten und damit auch den Abfluss zu reduzieren. So werden zum Beispiel Ausuferungen und Retentionsfl\u00e4chen zugelassen, wo immer dies schadlos m\u00f6glich ist.<\/p>\n<\/div><\/div><\/div><div class=\"fusion-panel panel-default fusion-toggle-no-divider fusion-toggle-boxed-mode\"><div class=\"panel-heading\"><h4 class=\"panel-title toggle\"><a aria-expanded=\"false\" aria-controls=\"c224e9e767b9bc094\" role=\"button\" data-toggle=\"collapse\" data-parent=\"#accordion-16428-1\" data-target=\"#c224e9e767b9bc094\" href=\"#c224e9e767b9bc094\"><span class=\"fusion-toggle-icon-wrapper\" aria-hidden=\"true\"><i class=\"fa-fusion-box\" aria-hidden=\"true\"><\/i><\/span><span class=\"fusion-toggle-heading\">Landschaftsplanung<\/span><\/a><\/h4><\/div><div id=\"c224e9e767b9bc094\" class=\"panel-collapse collapse \"><div class=\"panel-body toggle-content fusion-clearfix\">\n<p>Im Rahmen des <strong>Naturschutzes und der Landschaftsplanung <\/strong>wird bei Planungs- und Genehmigungsverfahren gro\u00dfer Wert auf eine vorsorgende Standortsuche von Baufl\u00e4chen gelegt. Dazu werden unter anderem die Inhalte der L\u00fcbecker Landschaftsplanung herangezogen. Dar\u00fcber<br \/>\nhinaus ergeben sich wichtige Handlungsm\u00f6glichkeiten z.B. in dem Erhalt und der Entwicklung von Niederungsfl\u00e4chen (zur Aufnahme von Starkregen u.a.), in einer sinnvollen Gel\u00e4ndemodellierung mit naturnaher Freifl\u00e4chengestaltung und standortgerechter, artenreicher Bepflanzung sowie in umfassenden Dachbegr\u00fcnungen.<\/p>\n<\/div><\/div><\/div><div class=\"fusion-panel panel-default fusion-toggle-no-divider fusion-toggle-boxed-mode\"><div class=\"panel-heading\"><h4 class=\"panel-title toggle\"><a aria-expanded=\"false\" aria-controls=\"78dc6ab268e7a65ed\" role=\"button\" data-toggle=\"collapse\" data-parent=\"#accordion-16428-1\" data-target=\"#78dc6ab268e7a65ed\" href=\"#78dc6ab268e7a65ed\"><span class=\"fusion-toggle-icon-wrapper\" aria-hidden=\"true\"><i class=\"fa-fusion-box\" aria-hidden=\"true\"><\/i><\/span><span class=\"fusion-toggle-heading\">Gesundheitsschutz<\/span><\/a><\/h4><\/div><div id=\"78dc6ab268e7a65ed\" class=\"panel-collapse collapse \"><div class=\"panel-body toggle-content fusion-clearfix\">\n<p>Wenn Bauwerksabdichtungen fehlen und es nach Starkregenereignissen zu Durchfeuchtungssch\u00e4den kommt, kann sich gro\u00dffl\u00e4chig Schimmel bilden, der gesundheitliche Beeintr\u00e4chtigungen hervorruft. Noch problematischer sind R\u00fcckstauvorg\u00e4nge aus der Kanalisation. Dadurch k\u00f6nnen auch Krankheitserreger ins Haus eindringen und sich vermehren. Der <strong>umweltbezogene Gesundheitsschutz <\/strong>hat im Schadensfall bei \u00f6ffentlichen Einrichtungen ein Augenmerk auf die Sanierung und ist dar\u00fcber hinaus beratend t\u00e4tig.<\/p>\n<\/div><\/div><\/div><\/div><\/div><div class=\"fusion-clearfix\"><\/div><\/div><\/div><div class=\"fusion-layout-column fusion_builder_column fusion-builder-column-5 fusion_builder_column_1_2 1_2 fusion-one-half fusion-column-last\" style=\"width:50%;width:calc(50% - ( ( 4% ) * 0.5 ) );margin-top:0px;margin-bottom:20px;\"><div class=\"fusion-column-wrapper fusion-flex-column-wrapper-legacy\" style=\"background-position:left top;background-repeat:no-repeat;-webkit-background-size:cover;-moz-background-size:cover;-o-background-size:cover;background-size:cover;border-width: 1px 1px 1px 1px;border-color:#1a80b6;border-style:solid;padding: 10px 20px 10px 20px;\"><div class=\"fusion-column-content-centered\"><div class=\"fusion-column-content\"><div class=\"fusion-text fusion-text-2\"><p>\/\/\/ Weitergehende Informationen zum Bereich UNV und seinen Aufgaben erhalten Sie unter<br \/>\n<a href=\"http:\/\/www.unv.luebeck.de\">www.unv.luebeck. de\/<\/a><br \/>\nsowie den untergeordneten Themenseiten.<\/p>\n<p>Bereich Umwelt-, Natur- und Verbraucherschutz<br \/>\nServicenummer: 0451\/122-3969<br \/>\nKronsforder Allee 2-6, 23560 L\u00fcbeck<br \/>\nTelefonisch und pers\u00f6nlich erreichbar<br \/>\nMo bis Do von 8 bis 17 Uhr<br \/>\nFr von 8 bis 16 Uhr<\/p>\n<\/div><\/div><\/div><div class=\"fusion-clearfix\"><\/div><\/div><\/div><\/div><\/div><div class=\"fusion-fullwidth fullwidth-box fusion-builder-row-3 nonhundred-percent-fullwidth non-hundred-percent-height-scrolling\" style=\"background-color: #ffffff;background-position: center center;background-repeat: no-repeat;padding-top:0px;padding-right:0px;padding-bottom:0px;padding-left:0px;margin-bottom: 0px;margin-top: 0px;border-width: 0px 0px 0px 0px;border-color:#eae9e9;border-style:solid;\" ><div class=\"fusion-builder-row fusion-row\"><div class=\"fusion-layout-column fusion_builder_column fusion-builder-column-6 fusion_builder_column_1_1 1_1 fusion-one-full fusion-column-first fusion-column-last\" style=\"margin-top:0px;margin-bottom:20px;\"><div class=\"fusion-column-wrapper fusion-flex-column-wrapper-legacy\" style=\"background-position:left top;background-repeat:no-repeat;-webkit-background-size:cover;-moz-background-size:cover;-o-background-size:cover;background-size:cover;padding: 0px 0px 0px 0px;\"><div class=\"fusion-sep-clear\"><\/div><div class=\"fusion-separator fusion-full-width-sep\" style=\"margin-left: auto;margin-right: auto;margin-top:50px;width:100%;\"><\/div><div class=\"fusion-sep-clear\"><\/div><div class=\"fusion-clearfix\"><\/div><\/div><\/div><\/div><\/div><div class=\"fusion-fullwidth fullwidth-box fusion-builder-row-4 nonhundred-percent-fullwidth non-hundred-percent-height-scrolling\" style=\"background-color: #ffffff;background-position: center center;background-repeat: no-repeat;padding-top:0px;padding-right:0px;padding-bottom:0px;padding-left:0px;margin-bottom: 0px;margin-top: 0px;border-width: 0px 0px 0px 0px;border-color:#eae9e9;border-style:solid;\" ><div class=\"fusion-builder-row fusion-row\"><div class=\"fusion-layout-column fusion_builder_column fusion-builder-column-7 fusion_builder_column_1_2 1_2 fusion-one-half fusion-column-first\" style=\"width:50%;width:calc(50% - ( ( 4% ) * 0.5 ) );margin-right: 4%;margin-top:0px;margin-bottom:20px;\"><div class=\"fusion-column-wrapper fusion-flex-column-wrapper-legacy\" style=\"background-position:left top;background-repeat:no-repeat;-webkit-background-size:cover;-moz-background-size:cover;-o-background-size:cover;background-size:cover;padding: 0px 0px 0px 0px;\"><span class=\" fusion-imageframe imageframe-none imageframe-2 hover-type-none\"><img decoding=\"async\" width=\"1920\" height=\"156\" alt=\"Logo EBL\" title=\"S.25_Logo Entsorgungsbetriebe 4c Raster\" src=\"https:\/\/www.projekt-i-quadrat.de\/wp-content\/uploads\/2019\/01\/S.25_Logo-Entsorgungsbetriebe-4c-Raster.jpg\" class=\"img-responsive wp-image-16840\" srcset=\"https:\/\/www.projekt-i-quadrat.de\/wp-content\/uploads\/2019\/01\/S.25_Logo-Entsorgungsbetriebe-4c-Raster-200x16.jpg 200w, https:\/\/www.projekt-i-quadrat.de\/wp-content\/uploads\/2019\/01\/S.25_Logo-Entsorgungsbetriebe-4c-Raster-400x33.jpg 400w, https:\/\/www.projekt-i-quadrat.de\/wp-content\/uploads\/2019\/01\/S.25_Logo-Entsorgungsbetriebe-4c-Raster-600x49.jpg 600w, https:\/\/www.projekt-i-quadrat.de\/wp-content\/uploads\/2019\/01\/S.25_Logo-Entsorgungsbetriebe-4c-Raster-800x65.jpg 800w, https:\/\/www.projekt-i-quadrat.de\/wp-content\/uploads\/2019\/01\/S.25_Logo-Entsorgungsbetriebe-4c-Raster-1200x98.jpg 1200w, https:\/\/www.projekt-i-quadrat.de\/wp-content\/uploads\/2019\/01\/S.25_Logo-Entsorgungsbetriebe-4c-Raster.jpg 1920w\" sizes=\"(max-width: 800px) 100vw, 600px\" \/><\/span><div class=\"fusion-sep-clear\"><\/div><div class=\"fusion-separator fusion-full-width-sep\" style=\"margin-left: auto;margin-right: auto;margin-top:30px;width:100%;\"><\/div><div class=\"fusion-sep-clear\"><\/div><div class=\"fusion-text fusion-text-3\"><p>Die Entsorgungsbetriebe L\u00fcbeck sind der kommunale Umweltdienstleister in der Hansestadt L\u00fcbeck.<\/p>\n<p>Neben der Abfallentsorgung und der Stadtreinigung sind wir in L\u00fcbeck zust\u00e4ndig f\u00fcr die Ableitung des Schmutz- und Regenwassers sowie die Reinigung des Abwassers. Daf\u00fcr betreiben die Entsorgungsbetriebe \u00fcber 1.350 km Kanalnetz und Hausanschlusskan\u00e4le. Die Bemessung der Kanalisation erfolgt nach allgemein anerkannten Regeln der Technik. In der Regel sind die Kan\u00e4le f\u00fcr zwei- bis f\u00fcnfj\u00e4hrige Regenereignisse dimensioniert. Ein Ausbau f\u00fcr extreme Regenereignisse w\u00e4re weder technisch noch wirtschaftlich vertretbar. Bei gro\u00dfen Niederschlagsmengen in kurzer Zeit kann es daher zu einem R\u00fcckstau im Kanalsystem und zu \u00dcberflutungen kommen. Die Eigenvorsorge auf dem eigenen Grundst\u00fcck ist damit ein unverzichtbarer Bestandteil einer umfassenden Vorsorge.<\/p>\n<p>Wollen sie ihr Grundst\u00fcck besser auf Starkregenereignisse vorbereiten und dabei \u00c4nderungen an ihrer Grundst\u00fccksentw\u00e4sserung vornehmen? Hier sind die Entsorgungsbetriebe ihr Ansprechpartner. Dies umfasst alle auf dem Grundst\u00fcck befindlichen Anlagen zum Sammeln, Behandeln, und Ableiten von Schmutz- und Regenwasser. Die Errichtung und \u00c4nderung dieser Anlagen muss mit einem Entw\u00e4sserungsantrag genehmigt werden. Zur Pr\u00fcfung und Genehmigung der Antr\u00e4ge durch die Entsorgungsbetriebe geh\u00f6rt auch die Beratung der Antragsteller.<\/p>\n<p>Bei Fragen zum Thema Grundst\u00fccksentw\u00e4sserung und R\u00fcckstausicherung k\u00f6nnen Sie sich gern \u00fcber folgende Email an uns wenden: <a href=\"mailto:grundstuecksentwaesserung@ebhl.de\">grundstuecksentwaesserung@ebhl.de<\/a><\/p>\n<p>Gezielte Informationen und Infobl\u00e4tter zur Entw\u00e4sserung finden sie in unserem Download-Center in der Rubrik \u201eEntw\u00e4sserung\u201c unter folgendem Link:<br \/>\n<a href=\"http:\/\/entsorgung.luebeck.de\/ueber_uns\/downloads.html\">http:\/\/entsorgung.luebeck.de\/ueber_uns\/downloads.html<\/a><\/p>\n<\/div><div class=\"fusion-clearfix\"><\/div><\/div><\/div><div class=\"fusion-layout-column fusion_builder_column fusion-builder-column-8 fusion_builder_column_1_2 1_2 fusion-one-half fusion-column-last\" style=\"width:50%;width:calc(50% - ( ( 4% ) * 0.5 ) );margin-top:0px;margin-bottom:20px;\"><div class=\"fusion-column-wrapper fusion-flex-column-wrapper-legacy\" style=\"background-position:left top;background-repeat:no-repeat;-webkit-background-size:cover;-moz-background-size:cover;-o-background-size:cover;background-size:cover;padding: 0px 0px 0px 0px;\"><div class=\"fusion-sep-clear\"><\/div><div class=\"fusion-separator fusion-full-width-sep\" style=\"margin-left: auto;margin-right: auto;margin-bottom:80px;width:100%;\"><\/div><div class=\"fusion-sep-clear\"><\/div><span class=\" fusion-imageframe imageframe-none imageframe-3 hover-type-none\"><img decoding=\"async\" width=\"1920\" height=\"1136\" alt=\"Entsorgungsbetriebe L\u00fcbeck, Collage mit Holstentor\" title=\"S.25_ebl_Collage EBL mit Anlagen\" src=\"https:\/\/www.projekt-i-quadrat.de\/wp-content\/uploads\/2018\/12\/S.25_ebl_Collage-EBL-mit-Anlagen.jpg\" class=\"img-responsive wp-image-16700\" srcset=\"https:\/\/www.projekt-i-quadrat.de\/wp-content\/uploads\/2018\/12\/S.25_ebl_Collage-EBL-mit-Anlagen-200x118.jpg 200w, https:\/\/www.projekt-i-quadrat.de\/wp-content\/uploads\/2018\/12\/S.25_ebl_Collage-EBL-mit-Anlagen-400x237.jpg 400w, https:\/\/www.projekt-i-quadrat.de\/wp-content\/uploads\/2018\/12\/S.25_ebl_Collage-EBL-mit-Anlagen-600x355.jpg 600w, https:\/\/www.projekt-i-quadrat.de\/wp-content\/uploads\/2018\/12\/S.25_ebl_Collage-EBL-mit-Anlagen-800x473.jpg 800w, https:\/\/www.projekt-i-quadrat.de\/wp-content\/uploads\/2018\/12\/S.25_ebl_Collage-EBL-mit-Anlagen-1200x710.jpg 1200w, https:\/\/www.projekt-i-quadrat.de\/wp-content\/uploads\/2018\/12\/S.25_ebl_Collage-EBL-mit-Anlagen.jpg 1920w\" sizes=\"(max-width: 800px) 100vw, 600px\" \/><\/span><div class=\"fusion-sep-clear\"><\/div><div class=\"fusion-separator fusion-full-width-sep\" style=\"margin-left: auto;margin-right: auto;margin-bottom:50px;width:100%;\"><\/div><div class=\"fusion-sep-clear\"><\/div><div class=\"fusion-text fusion-text-4\" id=\"kasten\"><p>\/\/\/ Weitere Informationen finden sie auf unserer Internetseite:<br \/>\n<a href=\"http:\/\/entsorgung.luebeck.de\/index.html\">http:\/\/entsorgung.luebeck.de\/index.html<\/a><\/p>\n<p>Entsorgungsbetriebe L\u00fcbeck<br \/>\nMalm\u00f6stra\u00dfe 22, 23560 L\u00fcbeck<br \/>\nServicenummer: 0451 707600<\/p>\n<p>Telefonisch und pers\u00f6nlich erreichbar:<br \/>\nMo bis Do von 8 bis 17 Uhr<br \/>\nFr von 8 bis 16 Uhr.<\/p>\n<\/div><div class=\"fusion-clearfix\"><\/div><\/div><\/div><\/div><\/div><div class=\"fusion-fullwidth fullwidth-box fusion-builder-row-5 nonhundred-percent-fullwidth non-hundred-percent-height-scrolling\" style=\"background-color: #ffffff;background-position: center center;background-repeat: no-repeat;padding-top:0px;padding-right:0px;padding-bottom:0px;padding-left:0px;margin-bottom: 0px;margin-top: 0px;border-width: 0px 0px 0px 0px;border-color:#2381c1;border-style:solid;\" ><div class=\"fusion-builder-row fusion-row\"><div class=\"fusion-layout-column fusion_builder_column fusion-builder-column-9 fusion_builder_column_1_1 1_1 fusion-one-full fusion-column-first fusion-column-last fusion-column-no-min-height\" style=\"margin-top:0px;margin-bottom:20px;\"><div class=\"fusion-column-wrapper fusion-flex-column-wrapper-legacy\" style=\"background-position:left top;background-repeat:no-repeat;-webkit-background-size:cover;-moz-background-size:cover;-o-background-size:cover;background-size:cover;padding: 0px 0px 0px 0px;\"><div class=\"fusion-sep-clear\"><\/div><div class=\"fusion-separator fusion-full-width-sep\" style=\"margin-left: auto;margin-right: auto;margin-top:20px;margin-bottom:20px;width:100%;\"><div class=\"fusion-separator-border sep-single sep-solid\" style=\"border-color:#2381c1;border-top-width:3px;\"><\/div><\/div><div class=\"fusion-sep-clear\"><\/div><div class=\"fusion-text fusion-text-5\"><h3 style=\"text-align: center;\">Gef\u00f6rdert durch:<\/h3>\n<\/div><div class=\"imageframe-align-center\"><span class=\" fusion-imageframe imageframe-none imageframe-4 hover-type-none\"><a class=\"fusion-no-lightbox\" href=\"https:\/\/www.bmu.de\/\" target=\"_blank\" aria-label=\"logo_bmu\" rel=\"noopener noreferrer\"><img decoding=\"async\" width=\"165\" height=\"98\" alt=\"Logo BMU Bundesministerieum f\u00fcr Umwelt und Naturschutz\" src=\"https:\/\/www.projekt-i-quadrat.de\/\/wp-content\/uploads\/2018\/07\/logo_bmu.jpg\" class=\"img-responsive wp-image-16265\"\/><\/a><\/span><\/div><div class=\"fusion-text fusion-text-6\"><h3 style=\"text-align: center;\">Projektpartner:<\/h3>\n<\/div><div class=\"fusion-clearfix\"><\/div><\/div><\/div><div class=\"fusion-layout-column fusion_builder_column fusion-builder-column-10 fusion_builder_column_1_3 1_3 fusion-one-third fusion-column-first\" style=\"width:33.3333333333%;width:calc(33.3333333333% - ( ( 4% + 4% ) * 0.333333333333 ) );margin-right: 4%;margin-top:0px;margin-bottom:20px;\"><div class=\"fusion-column-wrapper fusion-flex-column-wrapper-legacy\" style=\"background-position:left top;background-repeat:no-repeat;-webkit-background-size:cover;-moz-background-size:cover;-o-background-size:cover;background-size:cover;padding: 0px 0px 0px 0px;\"><div class=\"fusion-column-content-centered\"><div class=\"fusion-column-content\"><div class=\"imageframe-align-center\"><span class=\" fusion-imageframe imageframe-none imageframe-5 hover-type-none\"><a class=\"fusion-no-lightbox\" href=\"http:\/\/www.hydrometeo.de\/\" target=\"_blank\" aria-label=\"logoHM_neu_web-normal\" rel=\"noopener noreferrer\"><img decoding=\"async\" width=\"200\" height=\"90\" alt=\"Logo hydro &amp; meteo\" src=\"https:\/\/www.projekt-i-quadrat.de\/wp-content\/uploads\/2020\/01\/logoHM_neu_web-normal.png\" class=\"img-responsive wp-image-17229\"\/><\/a><\/span><\/div><\/div><\/div><div class=\"fusion-clearfix\"><\/div><\/div><\/div><div class=\"fusion-layout-column fusion_builder_column fusion-builder-column-11 fusion_builder_column_1_3 1_3 fusion-one-third\" style=\"width:33.3333333333%;width:calc(33.3333333333% - ( ( 4% + 4% ) * 0.333333333333 ) );margin-right: 4%;margin-top:0px;margin-bottom:20px;\"><div class=\"fusion-column-wrapper fusion-flex-column-wrapper-legacy\" style=\"background-position:left top;background-repeat:no-repeat;-webkit-background-size:cover;-moz-background-size:cover;-o-background-size:cover;background-size:cover;padding: 0px 0px 0px 0px;\"><div class=\"fusion-column-content-centered\"><div class=\"fusion-column-content\"><div class=\"imageframe-align-center\"><span class=\" fusion-imageframe imageframe-none imageframe-6 hover-type-none\" style=\"max-width:160px;\"><a class=\"fusion-no-lightbox\" href=\"https:\/\/www.fh-luebeck.de\/hochschule\/fachbereich-bauwesen\/labore\/labor-fuer-staedtebau-und-ortsplanung\/uebersicht\/\" target=\"_blank\" aria-label=\"TH_Logo_A4_RGB\" rel=\"noopener noreferrer\"><img decoding=\"async\" width=\"300\" height=\"106\" alt=\"Logo FHL Fachhochschule L\u00fcbeck\" src=\"https:\/\/www.projekt-i-quadrat.de\/wp-content\/uploads\/2018\/10\/TH_Logo_A4_RGB-300x106.png\" class=\"img-responsive wp-image-16382\"\/><\/a><\/span><\/div><\/div><\/div><div class=\"fusion-clearfix\"><\/div><\/div><\/div><div class=\"fusion-layout-column fusion_builder_column fusion-builder-column-12 fusion_builder_column_1_3 1_3 fusion-one-third fusion-column-last\" style=\"width:33.3333333333%;width:calc(33.3333333333% - ( ( 4% + 4% ) * 0.333333333333 ) );margin-top:0px;margin-bottom:20px;\"><div class=\"fusion-column-wrapper fusion-flex-column-wrapper-legacy\" style=\"background-position:left top;background-repeat:no-repeat;-webkit-background-size:cover;-moz-background-size:cover;-o-background-size:cover;background-size:cover;padding: 0px 0px 0px 0px;\"><div class=\"fusion-column-content-centered\"><div class=\"fusion-column-content\"><div class=\"imageframe-align-center\"><span class=\" fusion-imageframe imageframe-none imageframe-7 hover-type-none\"><a class=\"fusion-no-lightbox\" href=\"http:\/\/www.luebeck.de\/bewohner\/umwelt_gesundheit\/\" target=\"_blank\" aria-label=\"HL-NAMENSZEICHEN_skal\" rel=\"noopener noreferrer\"><img decoding=\"async\" width=\"300\" height=\"90\" alt=\"Logo Hansestadt L\u00fcbeck\" src=\"https:\/\/www.projekt-i-quadrat.de\/wp-content\/uploads\/2021\/03\/HL-NAMENSZEICHEN_skal-1-300x90.png\" class=\"img-responsive wp-image-17332\" srcset=\"https:\/\/www.projekt-i-quadrat.de\/wp-content\/uploads\/2021\/03\/HL-NAMENSZEICHEN_skal-1-200x60.png 200w, https:\/\/www.projekt-i-quadrat.de\/wp-content\/uploads\/2021\/03\/HL-NAMENSZEICHEN_skal-1-400x120.png 400w, https:\/\/www.projekt-i-quadrat.de\/wp-content\/uploads\/2021\/03\/HL-NAMENSZEICHEN_skal-1.png 600w\" sizes=\"(max-width: 800px) 100vw, 400px\" \/><\/a><\/span><\/div><\/div><\/div><div class=\"fusion-clearfix\"><\/div><\/div><\/div><div class=\"fusion-layout-column fusion_builder_column fusion-builder-column-13 fusion_builder_column_1_1 1_1 fusion-one-full fusion-column-first fusion-column-last\" style=\"margin-top:0px;margin-bottom:20px;\"><div class=\"fusion-column-wrapper fusion-flex-column-wrapper-legacy\" style=\"background-position:left top;background-repeat:no-repeat;-webkit-background-size:cover;-moz-background-size:cover;-o-background-size:cover;background-size:cover;padding: 0px 0px 0px 0px;\"><div class=\"fusion-text fusion-text-7\"><h3 style=\"text-align: center;\">Kooperationspartner:<\/h3>\n<\/div><div class=\"fusion-clearfix\"><\/div><\/div><\/div><div class=\"fusion-layout-column fusion_builder_column fusion-builder-column-14 fusion_builder_column_1_4 1_4 fusion-one-fourth fusion-column-first\" style=\"width:25%;width:calc(25% - ( ( 4% + 4% + 4% ) * 0.25 ) );margin-right: 4%;margin-top:0px;margin-bottom:20px;\"><div class=\"fusion-column-wrapper fusion-flex-column-wrapper-legacy\" style=\"background-position:left top;background-repeat:no-repeat;-webkit-background-size:cover;-moz-background-size:cover;-o-background-size:cover;background-size:cover;padding: 0px 0px 0px 0px;\"><div class=\"fusion-column-content-centered\"><div class=\"fusion-column-content\"><div class=\"imageframe-align-center\"><span class=\" fusion-imageframe imageframe-none imageframe-8 hover-type-none\"><a class=\"fusion-no-lightbox\" href=\"https:\/\/www.vermessung-holst.de \" target=\"_blank\" aria-label=\"Logo_Holst_Helten\" rel=\"noopener noreferrer\"><img decoding=\"async\" width=\"300\" height=\"49\" alt=\"Logo Vermessungsb\u00fcro Holst und Helten\" src=\"https:\/\/www.projekt-i-quadrat.de\/\/wp-content\/uploads\/2018\/07\/Logo_Holst_Helten-300x49.png\" class=\"img-responsive wp-image-16238\" srcset=\"https:\/\/www.projekt-i-quadrat.de\/wp-content\/uploads\/2018\/07\/Logo_Holst_Helten-200x33.png 200w, https:\/\/www.projekt-i-quadrat.de\/wp-content\/uploads\/2018\/07\/Logo_Holst_Helten-400x65.png 400w, https:\/\/www.projekt-i-quadrat.de\/wp-content\/uploads\/2018\/07\/Logo_Holst_Helten-600x98.png 600w, https:\/\/www.projekt-i-quadrat.de\/wp-content\/uploads\/2018\/07\/Logo_Holst_Helten.png 613w\" sizes=\"(max-width: 800px) 100vw, 400px\" \/><\/a><\/span><\/div><\/div><\/div><div class=\"fusion-clearfix\"><\/div><\/div><\/div><div class=\"fusion-layout-column fusion_builder_column fusion-builder-column-15 fusion_builder_column_1_4 1_4 fusion-one-fourth\" style=\"width:25%;width:calc(25% - ( ( 4% + 4% + 4% ) * 0.25 ) );margin-right: 4%;margin-top:0px;margin-bottom:20px;\"><div class=\"fusion-column-wrapper fusion-flex-column-wrapper-legacy\" style=\"background-position:left top;background-repeat:no-repeat;-webkit-background-size:cover;-moz-background-size:cover;-o-background-size:cover;background-size:cover;padding: 0px 0px 0px 0px;\"><div class=\"fusion-column-content-centered\"><div class=\"fusion-column-content\"><div class=\"imageframe-align-center\"><span class=\" fusion-imageframe imageframe-none imageframe-9 hover-type-none\"><a class=\"fusion-no-lightbox\" href=\"https:\/\/www.dres-donoth.de\" target=\"_blank\" aria-label=\"dft_logo\" rel=\"noopener noreferrer\"><img decoding=\"async\" width=\"251\" height=\"57\" alt=\"Logo Anwaltsb\u00fcro Donoth Fuhrmann T\u00fcxen\" src=\"https:\/\/www.projekt-i-quadrat.de\/\/wp-content\/uploads\/2018\/07\/dft_logo.png\" class=\"img-responsive wp-image-16232\" srcset=\"https:\/\/www.projekt-i-quadrat.de\/wp-content\/uploads\/2018\/07\/dft_logo-200x45.png 200w, https:\/\/www.projekt-i-quadrat.de\/wp-content\/uploads\/2018\/07\/dft_logo.png 251w\" sizes=\"(max-width: 800px) 100vw, 251px\" \/><\/a><\/span><\/div><\/div><\/div><div class=\"fusion-clearfix\"><\/div><\/div><\/div><div class=\"fusion-layout-column fusion_builder_column fusion-builder-column-16 fusion_builder_column_1_4 1_4 fusion-one-fourth\" style=\"width:25%;width:calc(25% - ( ( 4% + 4% + 4% ) * 0.25 ) );margin-right: 4%;margin-top:0px;margin-bottom:20px;\"><div class=\"fusion-column-wrapper fusion-flex-column-wrapper-legacy\" style=\"background-position:left top;background-repeat:no-repeat;-webkit-background-size:cover;-moz-background-size:cover;-o-background-size:cover;background-size:cover;padding: 0px 0px 0px 0px;\"><div class=\"fusion-column-content-centered\"><div class=\"fusion-column-content\"><div class=\"imageframe-align-center\"><span class=\" fusion-imageframe imageframe-none imageframe-10 hover-type-none\"><a class=\"fusion-no-lightbox\" href=\"http:\/\/www.stadtfehmarn.de\" target=\"_blank\" aria-label=\"Stadtwappen_Fehmarn2019_neu\" rel=\"noopener noreferrer\"><img decoding=\"async\" width=\"100\" height=\"109\" alt=\"Logo Stadt Fehmarn\" src=\"https:\/\/www.projekt-i-quadrat.de\/wp-content\/uploads\/2019\/08\/Stadtwappen_Fehmarn2019_neu.png\" class=\"img-responsive wp-image-17218\"\/><\/a><\/span><\/div><\/div><\/div><div class=\"fusion-clearfix\"><\/div><\/div><\/div><div class=\"fusion-layout-column fusion_builder_column fusion-builder-column-17 fusion_builder_column_1_4 1_4 fusion-one-fourth fusion-column-last\" style=\"width:25%;width:calc(25% - ( ( 4% + 4% + 4% ) * 0.25 ) );margin-top:0px;margin-bottom:20px;\"><div class=\"fusion-column-wrapper fusion-flex-column-wrapper-legacy\" style=\"background-position:left top;background-repeat:no-repeat;-webkit-background-size:cover;-moz-background-size:cover;-o-background-size:cover;background-size:cover;padding: 0px 0px 0px 0px;\"><div class=\"fusion-column-content-centered\"><div class=\"fusion-column-content\"><div class=\"imageframe-align-center\"><span class=\" fusion-imageframe imageframe-none imageframe-11 hover-type-none\"><a class=\"fusion-no-lightbox\" href=\"https:\/\/www.hameln.de\/de\/wirtschaft-stadt-umwelt\" target=\"_blank\" aria-label=\"StadtHameln_Logo_rgb\" rel=\"noopener noreferrer\"><img decoding=\"async\" width=\"105\" height=\"100\" alt=\"Logo Stadt Hameln\" src=\"https:\/\/www.projekt-i-quadrat.de\/wp-content\/uploads\/2021\/03\/StadtHameln_Logo_rgb.png\" class=\"img-responsive wp-image-17303\"\/><\/a><\/span><\/div><\/div><\/div><div class=\"fusion-clearfix\"><\/div><\/div><\/div><\/div><\/div>\n<\/p>\n","protected":false},"excerpt":{"rendered":"","protected":false},"author":1,"featured_media":0,"parent":16424,"menu_order":0,"comment_status":"closed","ping_status":"closed","template":"","meta":{"footnotes":""},"class_list":["post-16428","page","type-page","status-publish","hentry"],"aioseo_notices":[],"_links":{"self":[{"href":"https:\/\/www.projekt-i-quadrat.de\/index.php\/wp-json\/wp\/v2\/pages\/16428","targetHints":{"allow":["GET"]}}],"collection":[{"href":"https:\/\/www.projekt-i-quadrat.de\/index.php\/wp-json\/wp\/v2\/pages"}],"about":[{"href":"https:\/\/www.projekt-i-quadrat.de\/index.php\/wp-json\/wp\/v2\/types\/page"}],"author":[{"embeddable":true,"href":"https:\/\/www.projekt-i-quadrat.de\/index.php\/wp-json\/wp\/v2\/users\/1"}],"replies":[{"embeddable":true,"href":"https:\/\/www.projekt-i-quadrat.de\/index.php\/wp-json\/wp\/v2\/comments?post=16428"}],"version-history":[{"count":38,"href":"https:\/\/www.projekt-i-quadrat.de\/index.php\/wp-json\/wp\/v2\/pages\/16428\/revisions"}],"predecessor-version":[{"id":17320,"href":"https:\/\/www.projekt-i-quadrat.de\/index.php\/wp-json\/wp\/v2\/pages\/16428\/revisions\/17320"}],"up":[{"embeddable":true,"href":"https:\/\/www.projekt-i-quadrat.de\/index.php\/wp-json\/wp\/v2\/pages\/16424"}],"wp:attachment":[{"href":"https:\/\/www.projekt-i-quadrat.de\/index.php\/wp-json\/wp\/v2\/media?parent=16428"}],"curies":[{"name":"wp","href":"https:\/\/api.w.org\/{rel}","templated":true}]}}