{"id":13776,"date":"2017-09-04T15:05:06","date_gmt":"2017-09-04T13:05:06","guid":{"rendered":"http:\/\/new.hydrometeo.de\/?page_id=13776"},"modified":"2021-03-18T09:05:43","modified_gmt":"2021-03-18T08:05:43","slug":"downloads","status":"publish","type":"page","link":"https:\/\/www.projekt-i-quadrat.de\/index.php\/downloads\/","title":{"rendered":"Downloads"},"content":{"rendered":"<p><div class=\"fusion-fullwidth fullwidth-box fusion-builder-row-1 fusion-flex-container nonhundred-percent-fullwidth non-hundred-percent-height-scrolling\" style=\"background-color: #ffffff;background-position: center center;background-repeat: no-repeat;border-width: 0px 0px 0px 0px;border-color:#eae9e9;border-style:solid;\" ><div class=\"fusion-builder-row fusion-row fusion-flex-align-items-flex-start\" style=\"max-width:1144px;margin-left: calc(-4% \/ 2 );margin-right: calc(-4% \/ 2 );\"><div class=\"fusion-layout-column fusion_builder_column fusion-builder-column-0 fusion_builder_column_1_1 1_1 fusion-flex-column\"><div class=\"fusion-column-wrapper fusion-flex-justify-content-flex-start fusion-content-layout-column\" style=\"background-position:left top;background-repeat:no-repeat;-webkit-background-size:cover;-moz-background-size:cover;-o-background-size:cover;background-size:cover;padding: 0px 0px 0px 0px;\"><style type=\"text\/css\">@media only screen and (max-width:1024px) {.fusion-title.fusion-title-1{margin-top:0px!important; margin-right:0px!important;margin-bottom:31px!important;margin-left:0px!important;}}@media only screen and (max-width:640px) {.fusion-title.fusion-title-1{margin-top:0px!important; margin-right:0px!important;margin-bottom:20px!important; margin-left:0px!important;}}<\/style><div class=\"fusion-title title fusion-title-1 fusion-sep-none fusion-title-text fusion-title-size-two\" style=\"margin-top:0px;margin-right:0px;margin-bottom:31px;margin-left:0px;\"><h2 class=\"title-heading-left fusion-responsive-typography-calculated\" style=\"margin:0;--fontSize:20;--minFontSize:20px;line-height:1.5;\">Hier finden Sie Nachrichten, Berichte und Pr\u00e4sentationen zum Download. (Zur Zeit im Aufbau.)<\/h2><\/div><\/div><style type=\"text\/css\">.fusion-body .fusion-builder-column-0{width:100% !important;margin-top : 0px;margin-bottom : 20px;}.fusion-builder-column-0 > .fusion-column-wrapper {padding-top : 0px !important;padding-right : 0px !important;margin-right : 1.92%;padding-bottom : 0px !important;padding-left : 0px !important;margin-left : 1.92%;}@media only screen and (max-width:1024px) {.fusion-body .fusion-builder-column-0{width:100% !important;order : 0;}.fusion-builder-column-0 > .fusion-column-wrapper {margin-right : 1.92%;margin-left : 1.92%;}}@media only screen and (max-width:640px) {.fusion-body .fusion-builder-column-0{width:100% !important;order : 0;}.fusion-builder-column-0 > .fusion-column-wrapper {margin-right : 1.92%;margin-left : 1.92%;}}<\/style><\/div><\/div><style type=\"text\/css\">.fusion-body .fusion-flex-container.fusion-builder-row-1{ padding-top : 0px;margin-top : 0px;padding-right : 0px;padding-bottom : 0px;margin-bottom : 0px;padding-left : 0px;}<\/style><\/div><div class=\"fusion-fullwidth fullwidth-box fusion-builder-row-2 fusion-flex-container nonhundred-percent-fullwidth non-hundred-percent-height-scrolling\" style=\"background-color: #ffffff;background-position: center center;background-repeat: no-repeat;border-width: 0px 0px 0px 0px;border-color:#eae9e9;border-style:solid;\" ><div class=\"fusion-builder-row fusion-row fusion-flex-align-items-flex-start\" style=\"max-width:1144px;margin-left: calc(-4% \/ 2 );margin-right: calc(-4% \/ 2 );\"><div class=\"fusion-layout-column fusion_builder_column fusion-builder-column-1 fusion_builder_column_2_3 2_3 fusion-flex-column\"><div class=\"fusion-column-wrapper fusion-flex-justify-content-flex-start fusion-content-layout-column\" style=\"background-position:left top;background-repeat:no-repeat;-webkit-background-size:cover;-moz-background-size:cover;-o-background-size:cover;background-size:cover;padding: 0px 0px 0px 0px;\"><style type=\"text\/css\">@media only screen and (max-width:1024px) {.fusion-title.fusion-title-2{margin-top:0px!important; margin-right:0px!important;margin-bottom:31px!important;margin-left:0px!important;}}@media only screen and (max-width:640px) {.fusion-title.fusion-title-2{margin-top:0px!important; margin-right:0px!important;margin-bottom:20px!important; margin-left:0px!important;}}<\/style><div class=\"fusion-title title fusion-title-2 fusion-sep-none fusion-title-text fusion-title-size-two\" style=\"margin-top:0px;margin-right:0px;margin-bottom:31px;margin-left:0px;\"><h2 class=\"title-heading-left fusion-responsive-typography-calculated\" style=\"margin:0;--fontSize:20;--minFontSize:20px;line-height:1.5;\">Teilbericht Rechtssicherheit<\/h2><\/div><div class=\"fusion-text fusion-text-1\"><p>Rechtliche M\u00f6glichkeiten und Grenzen der Bereitstellung kommunaler Informationen zum Thema Klimaanpassung f\u00fcr die Bev\u00f6lkerung, insbesondere Starkregenhinweise und Starkregengefahrenkarten, werden in diesem Bericht behandelt.<br \/>\nEr umfasst die Punkte 1. Ausgangslage, 2. Problemaufriss, 3. Pragmatische L\u00f6sungsans\u00e4tze, 4. Rechtliche Zul\u00e4ssigkeit, 5. Schlussfolgerungen und Ablaufplan.<\/p>\n<p>Sie k\u00f6nnen sich den Bericht <strong><a href=\"https:\/\/www.projekt-i-quadrat.de\/wp-content\/uploads\/2021\/03\/Optimierung-innerkommunaler-Informationsfluesse-AP2_Teilbericht.pdf\">hier<\/a> <\/strong>oder mit Klick auf den nebenstehenden Titel herunterladen.<\/p>\n<\/div><\/div><style type=\"text\/css\">.fusion-body .fusion-builder-column-1{width:66.6666666667% !important;margin-top : 0px;margin-bottom : 20px;}.fusion-builder-column-1 > .fusion-column-wrapper {padding-top : 0px !important;padding-right : 0px !important;margin-right : 2.88%;padding-bottom : 0px !important;padding-left : 0px !important;margin-left : 2.88%;}@media only screen and (max-width:1024px) {.fusion-body .fusion-builder-column-1{width:100% !important;order : 0;}.fusion-builder-column-1 > .fusion-column-wrapper {margin-right : 1.92%;margin-left : 1.92%;}}@media only screen and (max-width:640px) {.fusion-body .fusion-builder-column-1{width:100% !important;order : 0;}.fusion-builder-column-1 > .fusion-column-wrapper {margin-right : 1.92%;margin-left : 1.92%;}}<\/style><\/div><div class=\"fusion-layout-column fusion_builder_column fusion-builder-column-2 fusion_builder_column_1_3 1_3 fusion-flex-column\"><div class=\"fusion-column-wrapper fusion-flex-justify-content-flex-start fusion-content-layout-column\" style=\"background-position:left top;background-repeat:no-repeat;-webkit-background-size:cover;-moz-background-size:cover;-o-background-size:cover;background-size:cover;padding: 0px 0px 0px 0px;\"><div ><div class=\"imageframe-liftup\"><span class=\" fusion-imageframe imageframe-none imageframe-1\" style=\"border:1px solid #f6f6f6;\"><a class=\"fusion-no-lightbox\" href=\"https:\/\/www.projekt-i-quadrat.de\/wp-content\/uploads\/2021\/03\/Optimierung-innerkommunaler-Informationsfluesse-AP2_Teilbericht.pdf\" target=\"_blank\" aria-label=\"Bild_Rechtssicherheit\" rel=\"noopener noreferrer\"><img decoding=\"async\" width=\"213\" height=\"300\" src=\"https:\/\/www.projekt-i-quadrat.de\/wp-content\/uploads\/2021\/03\/Bild_Rechtssicherheit-1-213x300.png\" class=\"img-responsive wp-image-17297\" srcset=\"https:\/\/www.projekt-i-quadrat.de\/wp-content\/uploads\/2021\/03\/Bild_Rechtssicherheit-1-200x282.png 200w, https:\/\/www.projekt-i-quadrat.de\/wp-content\/uploads\/2021\/03\/Bild_Rechtssicherheit-1-400x565.png 400w, https:\/\/www.projekt-i-quadrat.de\/wp-content\/uploads\/2021\/03\/Bild_Rechtssicherheit-1.png 452w\" sizes=\"(max-width: 1024px) 100vw, (max-width: 640px) 100vw, 400px\" \/><\/a><\/span><\/div><\/div><\/div><style type=\"text\/css\">.fusion-body .fusion-builder-column-2{width:33.3333333333% !important;margin-top : 0px;margin-bottom : 20px;}.fusion-builder-column-2 > .fusion-column-wrapper {padding-top : 0px !important;padding-right : 0px !important;margin-right : 5.76%;padding-bottom : 0px !important;padding-left : 0px !important;margin-left : 5.76%;}@media only screen and (max-width:1024px) {.fusion-body .fusion-builder-column-2{width:100% !important;order : 0;}.fusion-builder-column-2 > .fusion-column-wrapper {margin-right : 1.92%;margin-left : 1.92%;}}@media only screen and (max-width:640px) {.fusion-body .fusion-builder-column-2{width:100% !important;order : 0;}.fusion-builder-column-2 > .fusion-column-wrapper {margin-right : 1.92%;margin-left : 1.92%;}}<\/style><\/div><div class=\"fusion-layout-column fusion_builder_column fusion-builder-column-3 fusion_builder_column_1_1 1_1 fusion-flex-column\"><div class=\"fusion-column-wrapper fusion-flex-justify-content-flex-start fusion-content-layout-column\" style=\"background-position:left top;background-repeat:no-repeat;-webkit-background-size:cover;-moz-background-size:cover;-o-background-size:cover;background-size:cover;padding: 0px 0px 0px 0px;\"><div class=\"fusion-separator fusion-full-width-sep\" style=\"align-self: center;margin-left: auto;margin-right: auto;margin-top:20px;margin-bottom:20px;width:100%;\"><div class=\"fusion-separator-border sep-double\" style=\"border-color:#e0dede;border-top-width:1px;border-bottom-width:1px;\"><\/div><\/div><\/div><style type=\"text\/css\">.fusion-body .fusion-builder-column-3{width:100% !important;margin-top : 0px;margin-bottom : 20px;}.fusion-builder-column-3 > .fusion-column-wrapper {padding-top : 0px !important;padding-right : 0px !important;margin-right : 1.92%;padding-bottom : 0px !important;padding-left : 0px !important;margin-left : 1.92%;}@media only screen and (max-width:1024px) {.fusion-body .fusion-builder-column-3{width:100% !important;}.fusion-builder-column-3 > .fusion-column-wrapper {margin-right : 1.92%;margin-left : 1.92%;}}@media only screen and (max-width:640px) {.fusion-body .fusion-builder-column-3{width:100% !important;}.fusion-builder-column-3 > .fusion-column-wrapper {margin-right : 1.92%;margin-left : 1.92%;}}<\/style><\/div><\/div><style type=\"text\/css\">.fusion-body .fusion-flex-container.fusion-builder-row-2{ padding-top : 0px;margin-top : 0px;padding-right : 0px;padding-bottom : 0px;margin-bottom : 0px;padding-left : 0px;}<\/style><\/div><div class=\"fusion-fullwidth fullwidth-box fusion-builder-row-3 fusion-flex-container nonhundred-percent-fullwidth non-hundred-percent-height-scrolling\" style=\"background-color: #ffffff;background-position: center center;background-repeat: no-repeat;border-width: 0px 0px 0px 0px;border-color:#eae9e9;border-style:solid;\" ><div class=\"fusion-builder-row fusion-row fusion-flex-align-items-flex-start\" style=\"max-width:1144px;margin-left: calc(-4% \/ 2 );margin-right: calc(-4% \/ 2 );\"><div class=\"fusion-layout-column fusion_builder_column fusion-builder-column-4 fusion_builder_column_2_3 2_3 fusion-flex-column\"><div class=\"fusion-column-wrapper fusion-flex-justify-content-flex-start fusion-content-layout-column\" style=\"background-position:left top;background-repeat:no-repeat;-webkit-background-size:cover;-moz-background-size:cover;-o-background-size:cover;background-size:cover;padding: 0px 0px 0px 0px;\"><style type=\"text\/css\">@media only screen and (max-width:1024px) {.fusion-title.fusion-title-3{margin-top:0px!important; margin-right:0px!important;margin-bottom:31px!important;margin-left:0px!important;}}@media only screen and (max-width:640px) {.fusion-title.fusion-title-3{margin-top:0px!important; margin-right:0px!important;margin-bottom:20px!important; margin-left:0px!important;}}<\/style><div class=\"fusion-title title fusion-title-3 fusion-sep-none fusion-title-text fusion-title-size-two\" style=\"margin-top:0px;margin-right:0px;margin-bottom:31px;margin-left:0px;\"><h2 class=\"title-heading-left fusion-responsive-typography-calculated\" style=\"margin:0;--fontSize:20;--minFontSize:20px;line-height:1.5;\">Teilbericht Bev\u00f6lkerungswissen<\/h2><\/div><div class=\"fusion-text fusion-text-2\"><p>Zu den Leitfragen<\/p>\n<p><strong><a href=\"https:\/\/www.projekt-i-quadrat.de\/wp-content\/uploads\/2021\/03\/BuergerInnenWissen.pdf\">Was B\u00fcrger*innen wissen<\/a><\/strong> \u2013 Ergebnisse der Erhebung zu Erfahrungen mit Starkregenereignisse in L\u00fcbeck<\/p>\n<p>sowie<\/p>\n<p><a href=\"https:\/\/www.projekt-i-quadrat.de\/wp-content\/uploads\/2021\/03\/Handlungsempfehlungen.pdf\"><strong>Was sind die Handlungsempfehlungen f\u00fcr die Kommune?<\/strong><\/a><\/p>\n<p>finden Sie die Projektergebnisse kurzgefasst bei Klick auf die jeweiligen \u00dcberschriften.<\/p>\n<p>Den ausf\u00fchrlichen Teilbericht zum Thema Bev\u00f6lkerungswissen finden Sie<strong> <a href=\"https:\/\/www.projekt-i-quadrat.de\/wp-content\/uploads\/2021\/03\/I_Quadrat_AP6-Abschlussbericht_2021.pdf\">hier <\/a><\/strong>oder mit Klick auf das nebenstehende Bild.<\/p>\n<\/div><\/div><style type=\"text\/css\">.fusion-body .fusion-builder-column-4{width:66.6666666667% !important;margin-top : 0px;margin-bottom : 20px;}.fusion-builder-column-4 > .fusion-column-wrapper {padding-top : 0px !important;padding-right : 0px !important;margin-right : 2.88%;padding-bottom : 0px !important;padding-left : 0px !important;margin-left : 2.88%;}@media only screen and (max-width:1024px) {.fusion-body .fusion-builder-column-4{width:100% !important;order : 0;}.fusion-builder-column-4 > .fusion-column-wrapper {margin-right : 1.92%;margin-left : 1.92%;}}@media only screen and (max-width:640px) {.fusion-body .fusion-builder-column-4{width:100% !important;order : 0;}.fusion-builder-column-4 > .fusion-column-wrapper {margin-right : 1.92%;margin-left : 1.92%;}}<\/style><\/div><div class=\"fusion-layout-column fusion_builder_column fusion-builder-column-5 fusion_builder_column_1_3 1_3 fusion-flex-column\"><div class=\"fusion-column-wrapper fusion-flex-justify-content-flex-start fusion-content-layout-column\" style=\"background-position:left top;background-repeat:no-repeat;-webkit-background-size:cover;-moz-background-size:cover;-o-background-size:cover;background-size:cover;padding: 0px 0px 0px 0px;\"><div ><div class=\"imageframe-liftup\"><span class=\" fusion-imageframe imageframe-none imageframe-2\" style=\"border:1px solid #f6f6f6;\"><a class=\"fusion-no-lightbox\" href=\"https:\/\/www.projekt-i-quadrat.de\/wp-content\/uploads\/2021\/03\/I_Quadrat_AP6-Abschlussbericht_2021.pdf\" target=\"_blank\" aria-label=\"Bild_B\u00fcrgerbefragung\" rel=\"noopener noreferrer\"><img decoding=\"async\" width=\"211\" height=\"300\" alt=\"Titelbild Teilbericht: B\u00fcrgerwissen aufnehmen\" src=\"https:\/\/www.projekt-i-quadrat.de\/wp-content\/uploads\/2021\/03\/Bild_Buergerbefragung-211x300.png\" class=\"img-responsive wp-image-17262\" srcset=\"https:\/\/www.projekt-i-quadrat.de\/wp-content\/uploads\/2021\/03\/Bild_Buergerbefragung-200x284.png 200w, https:\/\/www.projekt-i-quadrat.de\/wp-content\/uploads\/2021\/03\/Bild_Buergerbefragung-400x568.png 400w, https:\/\/www.projekt-i-quadrat.de\/wp-content\/uploads\/2021\/03\/Bild_Buergerbefragung-600x852.png 600w, https:\/\/www.projekt-i-quadrat.de\/wp-content\/uploads\/2021\/03\/Bild_Buergerbefragung.png 619w\" sizes=\"(max-width: 1024px) 100vw, (max-width: 640px) 100vw, 400px\" \/><\/a><\/span><\/div><\/div><\/div><style type=\"text\/css\">.fusion-body .fusion-builder-column-5{width:33.3333333333% !important;margin-top : 0px;margin-bottom : 20px;}.fusion-builder-column-5 > .fusion-column-wrapper {padding-top : 0px !important;padding-right : 0px !important;margin-right : 5.76%;padding-bottom : 0px !important;padding-left : 0px !important;margin-left : 5.76%;}@media only screen and (max-width:1024px) {.fusion-body .fusion-builder-column-5{width:100% !important;order : 0;}.fusion-builder-column-5 > .fusion-column-wrapper {margin-right : 1.92%;margin-left : 1.92%;}}@media only screen and (max-width:640px) {.fusion-body .fusion-builder-column-5{width:100% !important;order : 0;}.fusion-builder-column-5 > .fusion-column-wrapper {margin-right : 1.92%;margin-left : 1.92%;}}<\/style><\/div><div class=\"fusion-layout-column fusion_builder_column fusion-builder-column-6 fusion_builder_column_1_1 1_1 fusion-flex-column\"><div class=\"fusion-column-wrapper fusion-flex-justify-content-flex-start fusion-content-layout-column\" style=\"background-position:left top;background-repeat:no-repeat;-webkit-background-size:cover;-moz-background-size:cover;-o-background-size:cover;background-size:cover;padding: 0px 0px 0px 0px;\"><div class=\"fusion-separator fusion-full-width-sep\" style=\"align-self: center;margin-left: auto;margin-right: auto;margin-top:20px;margin-bottom:20px;width:100%;\"><div class=\"fusion-separator-border sep-double\" style=\"border-color:#e0dede;border-top-width:1px;border-bottom-width:1px;\"><\/div><\/div><\/div><style type=\"text\/css\">.fusion-body .fusion-builder-column-6{width:100% !important;margin-top : 0px;margin-bottom : 20px;}.fusion-builder-column-6 > .fusion-column-wrapper {padding-top : 0px !important;padding-right : 0px !important;margin-right : 1.92%;padding-bottom : 0px !important;padding-left : 0px !important;margin-left : 1.92%;}@media only screen and (max-width:1024px) {.fusion-body .fusion-builder-column-6{width:100% !important;}.fusion-builder-column-6 > .fusion-column-wrapper {margin-right : 1.92%;margin-left : 1.92%;}}@media only screen and (max-width:640px) {.fusion-body .fusion-builder-column-6{width:100% !important;}.fusion-builder-column-6 > .fusion-column-wrapper {margin-right : 1.92%;margin-left : 1.92%;}}<\/style><\/div><\/div><style type=\"text\/css\">.fusion-body .fusion-flex-container.fusion-builder-row-3{ padding-top : 0px;margin-top : 0px;padding-right : 0px;padding-bottom : 0px;margin-bottom : 0px;padding-left : 0px;}<\/style><\/div><div class=\"fusion-fullwidth fullwidth-box fusion-builder-row-4 fusion-flex-container nonhundred-percent-fullwidth non-hundred-percent-height-scrolling\" style=\"background-color: #ffffff;background-position: center center;background-repeat: no-repeat;border-width: 0px 0px 0px 0px;border-color:#eae9e9;border-style:solid;\" ><div class=\"fusion-builder-row fusion-row fusion-flex-align-items-flex-start\" style=\"max-width:1144px;margin-left: calc(-4% \/ 2 );margin-right: calc(-4% \/ 2 );\"><div class=\"fusion-layout-column fusion_builder_column fusion-builder-column-7 fusion_builder_column_1_1 1_1 fusion-flex-column\"><div class=\"fusion-column-wrapper fusion-flex-justify-content-flex-start fusion-content-layout-column\" style=\"background-position:left top;background-repeat:no-repeat;-webkit-background-size:cover;-moz-background-size:cover;-o-background-size:cover;background-size:cover;padding: 0px 0px 0px 0px;\"><style type=\"text\/css\">@media only screen and (max-width:1024px) {.fusion-title.fusion-title-4{margin-top:0px!important; margin-right:0px!important;margin-bottom:31px!important;margin-left:0px!important;}}@media only screen and (max-width:640px) {.fusion-title.fusion-title-4{margin-top:0px!important; margin-right:0px!important;margin-bottom:20px!important; margin-left:0px!important;}}<\/style><div class=\"fusion-title title fusion-title-4 fusion-sep-none fusion-title-text fusion-title-size-two\" style=\"margin-top:0px;margin-right:0px;margin-bottom:31px;margin-left:0px;\"><h2 class=\"title-heading-left fusion-responsive-typography-calculated\" style=\"margin:0;--fontSize:20;--minFontSize:20px;line-height:1.5;\">Aus den Workshops<\/h2><\/div><div class=\"fusion-text fusion-text-3\"><p>W\u00e4hrend der Projektlaufzeit fanden eine Vielzahl von Workshops mit verschiedenen Zielgruppen und Themenschwerpunkten statt. Gemeinsam war ihnen das Ziel, durch Information und Austausch zum vorausschauenden Umgang mit Starkregengefahren beizutragen.<\/p>\n<p>Zum Thema <strong>Gr\u00fcnd\u00e4cher<\/strong> haben wir Ihnen zwei Vortr\u00e4ge bereitgestellt:<\/p>\n<ol>\n<li><a href=\"https:\/\/www.projekt-i-quadrat.de\/wp-content\/uploads\/2021\/03\/retentionsgruendaecher-HL.pdf\"><strong>Retentionsgr\u00fcnd\u00e4cher als Beitrag zur \u00dcberflutungsvorsorge<\/strong><\/a><\/li>\n<li><a href=\"https:\/\/www.projekt-i-quadrat.de\/wp-content\/uploads\/2021\/03\/dachbegruenung-HCU_dickhaut_kurz.pdf\"><strong>Dachbegr\u00fcnung &#8211; Bautypen und wasserwirtschaftliche Wirksamkeit<\/strong><\/a><br \/>\n(Bei Interesse am gesamten Vortrag wenden Sie sich bitte an <a href=\"mailto:klimaleitstelle@luebeck.de\">klimaleitstelle@luebeck.de<\/a>)<\/li>\n<\/ol>\n<\/div><\/div><style type=\"text\/css\">.fusion-body .fusion-builder-column-7{width:100% !important;margin-top : 0px;margin-bottom : 20px;}.fusion-builder-column-7 > .fusion-column-wrapper {padding-top : 0px !important;padding-right : 0px !important;margin-right : 1.92%;padding-bottom : 0px !important;padding-left : 0px !important;margin-left : 1.92%;}@media only screen and (max-width:1024px) {.fusion-body .fusion-builder-column-7{width:100% !important;order : 0;}.fusion-builder-column-7 > .fusion-column-wrapper {margin-right : 1.92%;margin-left : 1.92%;}}@media only screen and (max-width:640px) {.fusion-body .fusion-builder-column-7{width:100% !important;order : 0;}.fusion-builder-column-7 > .fusion-column-wrapper {margin-right : 1.92%;margin-left : 1.92%;}}<\/style><\/div><div class=\"fusion-layout-column fusion_builder_column fusion-builder-column-8 fusion_builder_column_1_2 1_2 fusion-flex-column\"><div class=\"fusion-column-wrapper fusion-flex-justify-content-flex-start fusion-content-layout-column\" style=\"background-position:left top;background-repeat:no-repeat;-webkit-background-size:cover;-moz-background-size:cover;-o-background-size:cover;background-size:cover;padding: 0px 0px 0px 0px;\"><div ><div class=\"imageframe-liftup\"><span class=\" fusion-imageframe imageframe-none imageframe-3\"><a class=\"fusion-no-lightbox\" href=\"https:\/\/www.projekt-i-quadrat.de\/wp-content\/uploads\/2021\/03\/retentionsgruendaecher-HL.pdf\" target=\"_blank\" aria-label=\"retentionsgruendaecher-HL\" rel=\"noopener noreferrer\"><img decoding=\"async\" width=\"300\" height=\"224\" alt=\"Screenshot Vortrag: Retentionsgr\u00fcnd\u00e4cher als Beitrag zur \u00dcberflutungsvorsorge\" src=\"https:\/\/www.projekt-i-quadrat.de\/wp-content\/uploads\/2021\/03\/retentionsgruendaecher-HL-300x224.png\" class=\"img-responsive wp-image-17274\" srcset=\"https:\/\/www.projekt-i-quadrat.de\/wp-content\/uploads\/2021\/03\/retentionsgruendaecher-HL-200x149.png 200w, https:\/\/www.projekt-i-quadrat.de\/wp-content\/uploads\/2021\/03\/retentionsgruendaecher-HL-400x299.png 400w, https:\/\/www.projekt-i-quadrat.de\/wp-content\/uploads\/2021\/03\/retentionsgruendaecher-HL-600x448.png 600w, https:\/\/www.projekt-i-quadrat.de\/wp-content\/uploads\/2021\/03\/retentionsgruendaecher-HL-800x598.png 800w, https:\/\/www.projekt-i-quadrat.de\/wp-content\/uploads\/2021\/03\/retentionsgruendaecher-HL.png 1097w\" sizes=\"(max-width: 1024px) 100vw, (max-width: 640px) 100vw, 600px\" \/><\/a><\/span><\/div><\/div><\/div><style type=\"text\/css\">.fusion-body .fusion-builder-column-8{width:50% !important;margin-top : 0px;margin-bottom : 20px;}.fusion-builder-column-8 > .fusion-column-wrapper {padding-top : 0px !important;padding-right : 0px !important;margin-right : 3.84%;padding-bottom : 0px !important;padding-left : 0px !important;margin-left : 3.84%;}@media only screen and (max-width:1024px) {.fusion-body .fusion-builder-column-8{width:100% !important;order : 0;}.fusion-builder-column-8 > .fusion-column-wrapper {margin-right : 1.92%;margin-left : 1.92%;}}@media only screen and (max-width:640px) {.fusion-body .fusion-builder-column-8{width:100% !important;order : 0;}.fusion-builder-column-8 > .fusion-column-wrapper {margin-right : 1.92%;margin-left : 1.92%;}}<\/style><\/div><div class=\"fusion-layout-column fusion_builder_column fusion-builder-column-9 fusion_builder_column_1_2 1_2 fusion-flex-column\"><div class=\"fusion-column-wrapper fusion-flex-justify-content-flex-start fusion-content-layout-column\" style=\"background-position:left top;background-repeat:no-repeat;-webkit-background-size:cover;-moz-background-size:cover;-o-background-size:cover;background-size:cover;padding: 0px 0px 0px 0px;\"><div ><div class=\"imageframe-liftup\"><span class=\" fusion-imageframe imageframe-none imageframe-4\"><a class=\"fusion-no-lightbox\" href=\"https:\/\/www.projekt-i-quadrat.de\/wp-content\/uploads\/2021\/03\/dachbegruenung-HCU_dickhaut_kurz.pdf\" target=\"_blank\" aria-label=\"dachbegruenung-hcu\" rel=\"noopener noreferrer\"><img decoding=\"async\" width=\"300\" height=\"198\" alt=\"Screenshot Vortrag: Dachbegr\u00fcnung Bautypen und wasserwirtschaftliche Wirksamkeit\" src=\"https:\/\/www.projekt-i-quadrat.de\/wp-content\/uploads\/2021\/03\/dachbegruenung-hcu-300x198.png\" class=\"img-responsive wp-image-17271\" srcset=\"https:\/\/www.projekt-i-quadrat.de\/wp-content\/uploads\/2021\/03\/dachbegruenung-hcu-200x132.png 200w, https:\/\/www.projekt-i-quadrat.de\/wp-content\/uploads\/2021\/03\/dachbegruenung-hcu-400x264.png 400w, https:\/\/www.projekt-i-quadrat.de\/wp-content\/uploads\/2021\/03\/dachbegruenung-hcu-600x395.png 600w, https:\/\/www.projekt-i-quadrat.de\/wp-content\/uploads\/2021\/03\/dachbegruenung-hcu-800x527.png 800w, https:\/\/www.projekt-i-quadrat.de\/wp-content\/uploads\/2021\/03\/dachbegruenung-hcu-1200x791.png 1200w, https:\/\/www.projekt-i-quadrat.de\/wp-content\/uploads\/2021\/03\/dachbegruenung-hcu.png 1264w\" sizes=\"(max-width: 1024px) 100vw, (max-width: 640px) 100vw, 600px\" \/><\/a><\/span><\/div><\/div><\/div><style type=\"text\/css\">.fusion-body .fusion-builder-column-9{width:50% !important;margin-top : 0px;margin-bottom : 20px;}.fusion-builder-column-9 > .fusion-column-wrapper {padding-top : 0px !important;padding-right : 0px !important;margin-right : 3.84%;padding-bottom : 0px !important;padding-left : 0px !important;margin-left : 3.84%;}@media only screen and (max-width:1024px) {.fusion-body .fusion-builder-column-9{width:100% !important;order : 0;}.fusion-builder-column-9 > .fusion-column-wrapper {margin-right : 1.92%;margin-left : 1.92%;}}@media only screen and (max-width:640px) {.fusion-body .fusion-builder-column-9{width:100% !important;order : 0;}.fusion-builder-column-9 > .fusion-column-wrapper {margin-right : 1.92%;margin-left : 1.92%;}}<\/style><\/div><div class=\"fusion-layout-column fusion_builder_column fusion-builder-column-10 fusion_builder_column_1_1 1_1 fusion-flex-column\"><div class=\"fusion-column-wrapper fusion-flex-justify-content-flex-start fusion-content-layout-column\" style=\"background-position:left top;background-repeat:no-repeat;-webkit-background-size:cover;-moz-background-size:cover;-o-background-size:cover;background-size:cover;padding: 0px 0px 0px 0px;\"><div class=\"fusion-separator fusion-full-width-sep\" style=\"align-self: center;margin-left: auto;margin-right: auto;margin-top:20px;margin-bottom:20px;width:100%;\"><div class=\"fusion-separator-border sep-double\" style=\"border-color:#e0dede;border-top-width:0px;border-bottom-width:0px;\"><\/div><\/div><\/div><style type=\"text\/css\">.fusion-body .fusion-builder-column-10{width:100% !important;margin-top : 0px;margin-bottom : 20px;}.fusion-builder-column-10 > .fusion-column-wrapper {padding-top : 0px !important;padding-right : 0px !important;margin-right : 1.92%;padding-bottom : 0px !important;padding-left : 0px !important;margin-left : 1.92%;}@media only screen and (max-width:1024px) {.fusion-body .fusion-builder-column-10{width:100% !important;}.fusion-builder-column-10 > .fusion-column-wrapper {margin-right : 1.92%;margin-left : 1.92%;}}@media only screen and (max-width:640px) {.fusion-body .fusion-builder-column-10{width:100% !important;}.fusion-builder-column-10 > .fusion-column-wrapper {margin-right : 1.92%;margin-left : 1.92%;}}<\/style><\/div><div class=\"fusion-layout-column fusion_builder_column fusion-builder-column-11 fusion_builder_column_1_1 1_1 fusion-flex-column\"><div class=\"fusion-column-wrapper fusion-flex-justify-content-flex-start fusion-content-layout-column\" style=\"background-position:left top;background-repeat:no-repeat;-webkit-background-size:cover;-moz-background-size:cover;-o-background-size:cover;background-size:cover;padding: 0px 0px 0px 0px;\"><div class=\"fusion-text fusion-text-4\"><p>Bei den Stadtteil-Begehungen stand die <strong>Eigenvorsorge<\/strong> der Hauseigent\u00fcmer:innen im Vordergrund:<\/p>\n<ol>\n<li><strong><a href=\"https:\/\/www.projekt-i-quadrat.de\/wp-content\/uploads\/2021\/03\/Senken_-und_Fliesswege.pdf\">Vorstellung der Senken- und Flie\u00dfwegekarte<\/a><\/strong><\/li>\n<li><a href=\"https:\/\/www.projekt-i-quadrat.de\/wp-content\/uploads\/2021\/03\/Gefaehrdung-und-Massnahmen.pdf\"><strong>Mein Haus &#8211; Vorsorgem\u00f6glichkeiten<\/strong><\/a><\/li>\n<\/ol>\n<\/div><\/div><style type=\"text\/css\">.fusion-body .fusion-builder-column-11{width:100% !important;margin-top : 0px;margin-bottom : 20px;}.fusion-builder-column-11 > .fusion-column-wrapper {padding-top : 0px !important;padding-right : 0px !important;margin-right : 1.92%;padding-bottom : 0px !important;padding-left : 0px !important;margin-left : 1.92%;}@media only screen and (max-width:1024px) {.fusion-body .fusion-builder-column-11{width:100% !important;order : 0;}.fusion-builder-column-11 > .fusion-column-wrapper {margin-right : 1.92%;margin-left : 1.92%;}}@media only screen and (max-width:640px) {.fusion-body .fusion-builder-column-11{width:100% !important;order : 0;}.fusion-builder-column-11 > .fusion-column-wrapper {margin-right : 1.92%;margin-left : 1.92%;}}<\/style><\/div><div class=\"fusion-layout-column fusion_builder_column fusion-builder-column-12 fusion_builder_column_1_2 1_2 fusion-flex-column\"><div class=\"fusion-column-wrapper fusion-flex-justify-content-flex-start fusion-content-layout-column\" style=\"background-position:left top;background-repeat:no-repeat;-webkit-background-size:cover;-moz-background-size:cover;-o-background-size:cover;background-size:cover;padding: 0px 0px 0px 0px;\"><div ><div class=\"imageframe-liftup\"><span class=\" fusion-imageframe imageframe-none imageframe-5\"><a class=\"fusion-no-lightbox\" href=\"https:\/\/www.projekt-i-quadrat.de\/wp-content\/uploads\/2021\/03\/Senken_-und_Fliesswege.pdf\" target=\"_blank\" aria-label=\"SenkenFliesswege\" rel=\"noopener noreferrer\"><img decoding=\"async\" width=\"300\" height=\"225\" alt=\"Screenshot: Senken- und Fliesswege\" src=\"https:\/\/www.projekt-i-quadrat.de\/wp-content\/uploads\/2021\/03\/SenkenFliesswege-300x225.png\" class=\"img-responsive wp-image-17311\" srcset=\"https:\/\/www.projekt-i-quadrat.de\/wp-content\/uploads\/2021\/03\/SenkenFliesswege-200x150.png 200w, https:\/\/www.projekt-i-quadrat.de\/wp-content\/uploads\/2021\/03\/SenkenFliesswege-400x299.png 400w, https:\/\/www.projekt-i-quadrat.de\/wp-content\/uploads\/2021\/03\/SenkenFliesswege-600x449.png 600w, https:\/\/www.projekt-i-quadrat.de\/wp-content\/uploads\/2021\/03\/SenkenFliesswege-800x599.png 800w, https:\/\/www.projekt-i-quadrat.de\/wp-content\/uploads\/2021\/03\/SenkenFliesswege.png 1101w\" sizes=\"(max-width: 1024px) 100vw, (max-width: 640px) 100vw, 600px\" \/><\/a><\/span><\/div><\/div><\/div><style type=\"text\/css\">.fusion-body .fusion-builder-column-12{width:50% !important;margin-top : 0px;margin-bottom : 20px;}.fusion-builder-column-12 > .fusion-column-wrapper {padding-top : 0px !important;padding-right : 0px !important;margin-right : 3.84%;padding-bottom : 0px !important;padding-left : 0px !important;margin-left : 3.84%;}@media only screen and (max-width:1024px) {.fusion-body .fusion-builder-column-12{width:100% !important;order : 0;}.fusion-builder-column-12 > .fusion-column-wrapper {margin-right : 1.92%;margin-left : 1.92%;}}@media only screen and (max-width:640px) {.fusion-body .fusion-builder-column-12{width:100% !important;order : 0;}.fusion-builder-column-12 > .fusion-column-wrapper {margin-right : 1.92%;margin-left : 1.92%;}}<\/style><\/div><div class=\"fusion-layout-column fusion_builder_column fusion-builder-column-13 fusion_builder_column_1_2 1_2 fusion-flex-column\"><div class=\"fusion-column-wrapper fusion-flex-justify-content-flex-start fusion-content-layout-column\" style=\"background-position:left top;background-repeat:no-repeat;-webkit-background-size:cover;-moz-background-size:cover;-o-background-size:cover;background-size:cover;padding: 0px 0px 0px 0px;\"><div ><div class=\"imageframe-liftup\"><span class=\" fusion-imageframe imageframe-none imageframe-6\"><a class=\"fusion-no-lightbox\" href=\"https:\/\/www.projekt-i-quadrat.de\/wp-content\/uploads\/2021\/03\/Gefaehrdung-und-Massnahmen.pdf\" target=\"_blank\" aria-label=\"GefaehrdungMassnahmen\" rel=\"noopener noreferrer\"><img decoding=\"async\" width=\"300\" height=\"225\" alt=\"Screenshot: Vorsorgem\u00f6glichkeiten\" src=\"https:\/\/www.projekt-i-quadrat.de\/wp-content\/uploads\/2021\/03\/GefaehrdungMassnahmen-300x225.png\" class=\"img-responsive wp-image-17313\" srcset=\"https:\/\/www.projekt-i-quadrat.de\/wp-content\/uploads\/2021\/03\/GefaehrdungMassnahmen-200x150.png 200w, https:\/\/www.projekt-i-quadrat.de\/wp-content\/uploads\/2021\/03\/GefaehrdungMassnahmen-400x300.png 400w, https:\/\/www.projekt-i-quadrat.de\/wp-content\/uploads\/2021\/03\/GefaehrdungMassnahmen-600x450.png 600w, https:\/\/www.projekt-i-quadrat.de\/wp-content\/uploads\/2021\/03\/GefaehrdungMassnahmen-800x600.png 800w, https:\/\/www.projekt-i-quadrat.de\/wp-content\/uploads\/2021\/03\/GefaehrdungMassnahmen.png 1099w\" sizes=\"(max-width: 1024px) 100vw, (max-width: 640px) 100vw, 600px\" \/><\/a><\/span><\/div><\/div><\/div><style type=\"text\/css\">.fusion-body .fusion-builder-column-13{width:50% !important;margin-top : 0px;margin-bottom : 20px;}.fusion-builder-column-13 > .fusion-column-wrapper {padding-top : 0px !important;padding-right : 0px !important;margin-right : 3.84%;padding-bottom : 0px !important;padding-left : 0px !important;margin-left : 3.84%;}@media only screen and (max-width:1024px) {.fusion-body .fusion-builder-column-13{width:100% !important;order : 0;}.fusion-builder-column-13 > .fusion-column-wrapper {margin-right : 1.92%;margin-left : 1.92%;}}@media only screen and (max-width:640px) {.fusion-body .fusion-builder-column-13{width:100% !important;order : 0;}.fusion-builder-column-13 > .fusion-column-wrapper {margin-right : 1.92%;margin-left : 1.92%;}}<\/style><\/div><div class=\"fusion-layout-column fusion_builder_column fusion-builder-column-14 fusion_builder_column_1_1 1_1 fusion-flex-column\"><div class=\"fusion-column-wrapper fusion-flex-justify-content-flex-start fusion-content-layout-column\" style=\"background-position:left top;background-repeat:no-repeat;-webkit-background-size:cover;-moz-background-size:cover;-o-background-size:cover;background-size:cover;padding: 0px 0px 0px 0px;\"><div class=\"fusion-text fusion-text-5\"><p>In K\u00fcrze werden hier weitere Informationen abrufbar sein.<\/p>\n<\/div><\/div><style type=\"text\/css\">.fusion-body .fusion-builder-column-14{width:100% !important;margin-top : 0px;margin-bottom : 20px;}.fusion-builder-column-14 > .fusion-column-wrapper {padding-top : 0px !important;padding-right : 0px !important;margin-right : 1.92%;padding-bottom : 0px !important;padding-left : 0px !important;margin-left : 1.92%;}@media only screen and (max-width:1024px) {.fusion-body .fusion-builder-column-14{width:100% !important;order : 0;}.fusion-builder-column-14 > .fusion-column-wrapper {margin-right : 1.92%;margin-left : 1.92%;}}@media only screen and (max-width:640px) {.fusion-body .fusion-builder-column-14{width:100% !important;order : 0;}.fusion-builder-column-14 > .fusion-column-wrapper {margin-right : 1.92%;margin-left : 1.92%;}}<\/style><\/div><div class=\"fusion-layout-column fusion_builder_column fusion-builder-column-15 fusion_builder_column_1_1 1_1 fusion-flex-column\"><div class=\"fusion-column-wrapper fusion-flex-justify-content-flex-start fusion-content-layout-column\" style=\"background-position:left top;background-repeat:no-repeat;-webkit-background-size:cover;-moz-background-size:cover;-o-background-size:cover;background-size:cover;padding: 0px 0px 0px 0px;\"><div class=\"fusion-separator fusion-full-width-sep\" style=\"align-self: center;margin-left: auto;margin-right: auto;margin-top:20px;margin-bottom:20px;width:100%;\"><div class=\"fusion-separator-border sep-double\" style=\"border-color:#e0dede;border-top-width:1px;border-bottom-width:1px;\"><\/div><\/div><\/div><style type=\"text\/css\">.fusion-body .fusion-builder-column-15{width:100% !important;margin-top : 0px;margin-bottom : 20px;}.fusion-builder-column-15 > .fusion-column-wrapper {padding-top : 0px !important;padding-right : 0px !important;margin-right : 1.92%;padding-bottom : 0px !important;padding-left : 0px !important;margin-left : 1.92%;}@media only screen and (max-width:1024px) {.fusion-body .fusion-builder-column-15{width:100% !important;}.fusion-builder-column-15 > .fusion-column-wrapper {margin-right : 1.92%;margin-left : 1.92%;}}@media only screen and (max-width:640px) {.fusion-body .fusion-builder-column-15{width:100% !important;}.fusion-builder-column-15 > .fusion-column-wrapper {margin-right : 1.92%;margin-left : 1.92%;}}<\/style><\/div><\/div><style type=\"text\/css\">.fusion-body .fusion-flex-container.fusion-builder-row-4{ padding-top : 0px;margin-top : 0px;padding-right : 0px;padding-bottom : 0px;margin-bottom : 0px;padding-left : 0px;}<\/style><\/div><div class=\"fusion-fullwidth fullwidth-box fusion-builder-row-5 fusion-flex-container nonhundred-percent-fullwidth non-hundred-percent-height-scrolling\" style=\"background-color: #ffffff;background-position: center center;background-repeat: no-repeat;border-width: 0px 0px 0px 0px;border-color:#eae9e9;border-style:solid;\" ><div class=\"fusion-builder-row fusion-row fusion-flex-align-items-flex-start\" style=\"max-width:1144px;margin-left: calc(-4% \/ 2 );margin-right: calc(-4% \/ 2 );\"><div class=\"fusion-layout-column fusion_builder_column fusion-builder-column-16 fusion_builder_column_2_3 2_3 fusion-flex-column\"><div class=\"fusion-column-wrapper fusion-flex-justify-content-flex-start fusion-content-layout-column\" style=\"background-position:left top;background-repeat:no-repeat;-webkit-background-size:cover;-moz-background-size:cover;-o-background-size:cover;background-size:cover;padding: 0px 0px 0px 0px;\"><style type=\"text\/css\">@media only screen and (max-width:1024px) {.fusion-title.fusion-title-5{margin-top:0px!important; margin-right:0px!important;margin-bottom:31px!important;margin-left:0px!important;}}@media only screen and (max-width:640px) {.fusion-title.fusion-title-5{margin-top:0px!important; margin-right:0px!important;margin-bottom:20px!important; margin-left:0px!important;}}<\/style><div class=\"fusion-title title fusion-title-5 fusion-sep-none fusion-title-text fusion-title-size-two\" style=\"margin-top:0px;margin-right:0px;margin-bottom:31px;margin-left:0px;\"><h2 class=\"title-heading-left fusion-responsive-typography-calculated\" style=\"margin:0;--fontSize:20;--minFontSize:20px;line-height:1.5;\">Starkregenforum: Fokus Gr\u00fcnd\u00e4cher<\/h2><\/div><div class=\"fusion-text fusion-text-6\"><p>Am 8.12.2020 fand das L\u00fcbecker Starkregenforum mit dem Themenschwerpunkt Gr\u00fcnd\u00e4cher statt. Begr\u00fcnte D\u00e4cher k\u00f6nnen Regenwasser speichern, verdunsten bzw. stark verz\u00f6gert ableiten und somit die Entw\u00e4sserungssysteme entlasten und zur \u00dcberflutungsvorsorge bei Starkregen beitragen.<\/p>\n<p>Neben zahlreichen L\u00fcbecker Akteur:innen nahmen auch Vertreter:innen des Umweltministeriums Schleswig-Holstein sowie des Landesamtes f\u00fcr Landwirtschaft, Umwelt und l\u00e4ndliche R\u00e4ume teil.<\/p>\n<p>\u00dcber die Veranstaltung berichteten die (Online-)Zeitung<strong> <a href=\"https:\/\/www.hl-live.de\/text.php?id=142548\">HL-live.de <\/a><\/strong>sowie die <a href=\"https:\/\/www.projekt-i-quadrat.de\/wp-content\/uploads\/2021\/03\/LN_20210105-S12.pdf\"><strong>L\u00fcbecker Nachrichten<\/strong><\/a>.<br \/>\nEine \u00dcbersicht \u00fcber die Veranstaltung erhalten Sie beim Klick auf das nebenstehende Bild oder <strong><a href=\"https:\/\/www.projekt-i-quadrat.de\/wp-content\/uploads\/2021\/03\/Starkregenforum_Ueberblick.pdf\">hier<\/a><\/strong><em>.<\/em><\/p>\n<p>Bei Interesse am gesamten Vortrag wenden Sie sich bitte an <a href=\"mailto:klimaleitstelle@luebeck.de\">klimaleitstelle@luebeck.de<\/a>.<\/p>\n<\/div><\/div><style type=\"text\/css\">.fusion-body .fusion-builder-column-16{width:66.6666666667% !important;margin-top : 0px;margin-bottom : 20px;}.fusion-builder-column-16 > .fusion-column-wrapper {padding-top : 0px !important;padding-right : 0px !important;margin-right : 2.88%;padding-bottom : 0px !important;padding-left : 0px !important;margin-left : 2.88%;}@media only screen and (max-width:1024px) {.fusion-body .fusion-builder-column-16{width:100% !important;order : 0;}.fusion-builder-column-16 > .fusion-column-wrapper {margin-right : 1.92%;margin-left : 1.92%;}}@media only screen and (max-width:640px) {.fusion-body .fusion-builder-column-16{width:100% !important;order : 0;}.fusion-builder-column-16 > .fusion-column-wrapper {margin-right : 1.92%;margin-left : 1.92%;}}<\/style><\/div><div class=\"fusion-layout-column fusion_builder_column fusion-builder-column-17 fusion_builder_column_1_3 1_3 fusion-flex-column\"><div class=\"fusion-column-wrapper fusion-flex-justify-content-flex-start fusion-content-layout-column\" style=\"background-position:left top;background-repeat:no-repeat;-webkit-background-size:cover;-moz-background-size:cover;-o-background-size:cover;background-size:cover;padding: 0px 0px 0px 0px;\"><div ><div class=\"imageframe-liftup\"><span class=\" fusion-imageframe imageframe-none imageframe-7\"><a class=\"fusion-no-lightbox\" href=\"https:\/\/www.projekt-i-quadrat.de\/wp-content\/uploads\/2021\/03\/Starkregenforum_Ueberblick.pdf\" target=\"_blank\" aria-label=\"Bild_Vortrag_Starkregenforum\" rel=\"noopener noreferrer\"><img decoding=\"async\" width=\"300\" height=\"226\" alt=\"screenshot Programm vom Starkregenforum\" src=\"https:\/\/www.projekt-i-quadrat.de\/wp-content\/uploads\/2021\/03\/Bild_Vortrag_Starkregenforum-300x226.png\" class=\"img-responsive wp-image-17268\" srcset=\"https:\/\/www.projekt-i-quadrat.de\/wp-content\/uploads\/2021\/03\/Bild_Vortrag_Starkregenforum-200x151.png 200w, https:\/\/www.projekt-i-quadrat.de\/wp-content\/uploads\/2021\/03\/Bild_Vortrag_Starkregenforum-400x301.png 400w, https:\/\/www.projekt-i-quadrat.de\/wp-content\/uploads\/2021\/03\/Bild_Vortrag_Starkregenforum-600x452.png 600w, https:\/\/www.projekt-i-quadrat.de\/wp-content\/uploads\/2021\/03\/Bild_Vortrag_Starkregenforum-800x603.png 800w, https:\/\/www.projekt-i-quadrat.de\/wp-content\/uploads\/2021\/03\/Bild_Vortrag_Starkregenforum.png 1172w\" sizes=\"(max-width: 1024px) 100vw, (max-width: 640px) 100vw, 400px\" \/><\/a><\/span><\/div><\/div><\/div><style type=\"text\/css\">.fusion-body .fusion-builder-column-17{width:33.3333333333% !important;margin-top : 0px;margin-bottom : 20px;}.fusion-builder-column-17 > .fusion-column-wrapper {padding-top : 0px !important;padding-right : 0px !important;margin-right : 5.76%;padding-bottom : 0px !important;padding-left : 0px !important;margin-left : 5.76%;}@media only screen and (max-width:1024px) {.fusion-body .fusion-builder-column-17{width:100% !important;order : 0;}.fusion-builder-column-17 > .fusion-column-wrapper {margin-right : 1.92%;margin-left : 1.92%;}}@media only screen and (max-width:640px) {.fusion-body .fusion-builder-column-17{width:100% !important;order : 0;}.fusion-builder-column-17 > .fusion-column-wrapper {margin-right : 1.92%;margin-left : 1.92%;}}<\/style><\/div><div class=\"fusion-layout-column fusion_builder_column fusion-builder-column-18 fusion_builder_column_1_3 1_3 fusion-flex-column\"><div class=\"fusion-column-wrapper fusion-flex-justify-content-flex-start fusion-content-layout-column\" style=\"background-position:left top;background-repeat:no-repeat;-webkit-background-size:cover;-moz-background-size:cover;-o-background-size:cover;background-size:cover;padding: 0px 0px 0px 0px;\"><div ><div class=\"imageframe-liftup\"><span class=\" fusion-imageframe imageframe-none imageframe-8\"><a class=\"fusion-no-lightbox\" href=\"https:\/\/www.hl-live.de\/text.php?id=142548\" target=\"_blank\" aria-label=\"Bild_HLlive\" rel=\"noopener noreferrer\"><img decoding=\"async\" width=\"267\" height=\"300\" alt=\"screenshot HL-live Starkregenforum\" src=\"https:\/\/www.projekt-i-quadrat.de\/wp-content\/uploads\/2021\/03\/Bild_HLlive-267x300.png\" class=\"img-responsive wp-image-17266\" srcset=\"https:\/\/www.projekt-i-quadrat.de\/wp-content\/uploads\/2021\/03\/Bild_HLlive-200x225.png 200w, https:\/\/www.projekt-i-quadrat.de\/wp-content\/uploads\/2021\/03\/Bild_HLlive-400x449.png 400w, https:\/\/www.projekt-i-quadrat.de\/wp-content\/uploads\/2021\/03\/Bild_HLlive-600x674.png 600w, https:\/\/www.projekt-i-quadrat.de\/wp-content\/uploads\/2021\/03\/Bild_HLlive.png 748w\" sizes=\"(max-width: 1024px) 100vw, (max-width: 640px) 100vw, 400px\" \/><\/a><\/span><\/div><\/div><\/div><style type=\"text\/css\">.fusion-body .fusion-builder-column-18{width:33.3333333333% !important;margin-top : 0px;margin-bottom : 20px;}.fusion-builder-column-18 > .fusion-column-wrapper {padding-top : 0px !important;padding-right : 0px !important;margin-right : 5.76%;padding-bottom : 0px !important;padding-left : 0px !important;margin-left : 5.76%;}@media only screen and (max-width:1024px) {.fusion-body .fusion-builder-column-18{width:100% !important;order : 0;}.fusion-builder-column-18 > .fusion-column-wrapper {margin-right : 1.92%;margin-left : 1.92%;}}@media only screen and (max-width:640px) {.fusion-body .fusion-builder-column-18{width:100% !important;order : 0;}.fusion-builder-column-18 > .fusion-column-wrapper {margin-right : 1.92%;margin-left : 1.92%;}}<\/style><\/div><div class=\"fusion-layout-column fusion_builder_column fusion-builder-column-19 fusion_builder_column_1_3 1_3 fusion-flex-column\"><div class=\"fusion-column-wrapper fusion-flex-justify-content-flex-start fusion-content-layout-column\" style=\"background-position:left top;background-repeat:no-repeat;-webkit-background-size:cover;-moz-background-size:cover;-o-background-size:cover;background-size:cover;padding: 0px 0px 0px 0px;\"><div ><div class=\"imageframe-liftup\"><span class=\" fusion-imageframe imageframe-none imageframe-9\"><a class=\"fusion-no-lightbox\" href=\"https:\/\/www.projekt-i-quadrat.de\/wp-content\/uploads\/2021\/03\/LN_20210105-S12.pdf\" target=\"_blank\" aria-label=\"Bild_LN\" rel=\"noopener noreferrer\"><img decoding=\"async\" width=\"300\" height=\"212\" src=\"https:\/\/www.projekt-i-quadrat.de\/wp-content\/uploads\/2021\/03\/Bild_LN-300x212.png\" class=\"img-responsive wp-image-17267\" srcset=\"https:\/\/www.projekt-i-quadrat.de\/wp-content\/uploads\/2021\/03\/Bild_LN-200x141.png 200w, https:\/\/www.projekt-i-quadrat.de\/wp-content\/uploads\/2021\/03\/Bild_LN-400x282.png 400w, https:\/\/www.projekt-i-quadrat.de\/wp-content\/uploads\/2021\/03\/Bild_LN-600x423.png 600w, https:\/\/www.projekt-i-quadrat.de\/wp-content\/uploads\/2021\/03\/Bild_LN-800x564.png 800w, https:\/\/www.projekt-i-quadrat.de\/wp-content\/uploads\/2021\/03\/Bild_LN.png 963w\" sizes=\"(max-width: 1024px) 100vw, (max-width: 640px) 100vw, 400px\" \/><\/a><\/span><\/div><\/div><\/div><style type=\"text\/css\">.fusion-body .fusion-builder-column-19{width:33.3333333333% !important;margin-top : 0px;margin-bottom : 20px;}.fusion-builder-column-19 > .fusion-column-wrapper {padding-top : 0px !important;padding-right : 0px !important;margin-right : 5.76%;padding-bottom : 0px !important;padding-left : 0px !important;margin-left : 5.76%;}@media only screen and (max-width:1024px) {.fusion-body .fusion-builder-column-19{width:100% !important;order : 0;}.fusion-builder-column-19 > .fusion-column-wrapper {margin-right : 1.92%;margin-left : 1.92%;}}@media only screen and (max-width:640px) {.fusion-body .fusion-builder-column-19{width:100% !important;order : 0;}.fusion-builder-column-19 > .fusion-column-wrapper {margin-right : 1.92%;margin-left : 1.92%;}}<\/style><\/div><div class=\"fusion-layout-column fusion_builder_column fusion-builder-column-20 fusion_builder_column_1_1 1_1 fusion-flex-column\"><div class=\"fusion-column-wrapper fusion-flex-justify-content-flex-start fusion-content-layout-column\" style=\"background-position:left top;background-repeat:no-repeat;-webkit-background-size:cover;-moz-background-size:cover;-o-background-size:cover;background-size:cover;padding: 0px 0px 0px 0px;\"><div class=\"fusion-separator fusion-full-width-sep\" style=\"align-self: center;margin-left: auto;margin-right: auto;margin-top:20px;margin-bottom:20px;width:100%;\"><div class=\"fusion-separator-border sep-double\" style=\"border-color:#e0dede;border-top-width:1px;border-bottom-width:1px;\"><\/div><\/div><\/div><style type=\"text\/css\">.fusion-body .fusion-builder-column-20{width:100% !important;margin-top : 0px;margin-bottom : 20px;}.fusion-builder-column-20 > .fusion-column-wrapper {padding-top : 0px !important;padding-right : 0px !important;margin-right : 1.92%;padding-bottom : 0px !important;padding-left : 0px !important;margin-left : 1.92%;}@media only screen and (max-width:1024px) {.fusion-body .fusion-builder-column-20{width:100% !important;}.fusion-builder-column-20 > .fusion-column-wrapper {margin-right : 1.92%;margin-left : 1.92%;}}@media only screen and (max-width:640px) {.fusion-body .fusion-builder-column-20{width:100% !important;}.fusion-builder-column-20 > .fusion-column-wrapper {margin-right : 1.92%;margin-left : 1.92%;}}<\/style><\/div><\/div><style type=\"text\/css\">.fusion-body .fusion-flex-container.fusion-builder-row-5{ padding-top : 0px;margin-top : 0px;padding-right : 0px;padding-bottom : 0px;margin-bottom : 0px;padding-left : 0px;}<\/style><\/div><div class=\"fusion-fullwidth fullwidth-box fusion-builder-row-6 nonhundred-percent-fullwidth non-hundred-percent-height-scrolling\" style=\"background-color: #ffffff;background-position: center center;background-repeat: no-repeat;padding-top:0px;padding-right:0px;padding-bottom:0px;padding-left:0px;margin-bottom: 0px;margin-top: 0px;border-width: 0px 0px 0px 0px;border-color:#eae9e9;border-style:solid;\" ><div class=\"fusion-builder-row fusion-row\"><div class=\"fusion-layout-column fusion_builder_column fusion-builder-column-21 fusion_builder_column_1_1 1_1 fusion-one-full fusion-column-first fusion-column-last\" style=\"margin-top:0px;margin-bottom:20px;\"><div class=\"fusion-column-wrapper fusion-flex-column-wrapper-legacy\" style=\"background-position:left top;background-repeat:no-repeat;-webkit-background-size:cover;-moz-background-size:cover;-o-background-size:cover;background-size:cover;padding: 0px 0px 0px 0px;\"><style type=\"text\/css\"><\/style><div class=\"fusion-title title fusion-title-6 fusion-sep-none fusion-title-text fusion-title-size-two\" style=\"margin-top:0px;margin-right:0px;margin-bottom:31px;margin-left:0px;\"><h2 class=\"title-heading-left fusion-responsive-typography-calculated\" style=\"margin:0;--fontSize:20;--minFontSize:20px;line-height:1.5;\"><p>Artikel \u00fcber i2 in <em>gis.Business<\/em> 06\/2020<em><br \/>\n<\/em><\/p><\/h2><\/div><div class=\"fusion-clearfix\"><\/div><\/div><\/div><div class=\"fusion-layout-column fusion_builder_column fusion-builder-column-22 fusion_builder_column_2_3 2_3 fusion-two-third fusion-column-first\" style=\"width:66.6666666667%;width:calc(66.6666666667% - ( ( 4% ) * 0.666666666667 ) );margin-right: 4%;margin-top:0px;margin-bottom:20px;\"><div class=\"fusion-column-wrapper fusion-flex-column-wrapper-legacy\" style=\"background-position:left top;background-repeat:no-repeat;-webkit-background-size:cover;-moz-background-size:cover;-o-background-size:cover;background-size:cover;padding: 0px 0px 0px 0px;\"><div class=\"fusion-text fusion-text-7\"><p>In der aktuellen VDE-Publikation <em>gis.Business<\/em> 06\/2020 ist ein dreiseitiger Artikel \u00fcber das Projekt i2 erschienen. Die Zusammenarbeit verschiedener Akteure mit unterschiedlichen Zielsetzungen in den Kommunen sowie die Unsicherheit bez\u00fcglich der Rechtslage bei der Bereitstellung von Informationen zu Starkregen und \u00dcberflutungen bildet dabei den Schwerpunkt des Artikels, der im Rahmen eines Themenspecials &#8222;Stadtklima im Wandel&#8220; publiziert wurde.<\/p>\n<p>Wir haben Ihnen den Artikel in einer PDF-Datei bereitgestellt, den Sie mit Klick auf das nebenstehende Bild lesen oder sich herunterladen k\u00f6nnen.<\/p>\n<p>Mit freundlicher Genehmigung des <a href=\"http:\/\/www.vde-verlag.de\">VDE Verlags<\/a>.<\/p>\n<p><em>23.11.2020<\/em><\/p>\n<\/div><div class=\"fusion-clearfix\"><\/div><\/div><\/div><div class=\"fusion-layout-column fusion_builder_column fusion-builder-column-23 fusion_builder_column_1_3 1_3 fusion-one-third fusion-column-last\" style=\"width:33.3333333333%;width:calc(33.3333333333% - ( ( 4% ) * 0.333333333333 ) );margin-top:0px;margin-bottom:20px;\"><div class=\"fusion-column-wrapper fusion-flex-column-wrapper-legacy\" style=\"background-position:left top;background-repeat:no-repeat;-webkit-background-size:cover;-moz-background-size:cover;-o-background-size:cover;background-size:cover;padding: 0px 0px 0px 0px;\"><span class=\" fusion-imageframe imageframe-none imageframe-10 hover-type-none\" style=\"border:1px solid #ededed;\"><a class=\"fusion-no-lightbox\" href=\"https:\/\/www.projekt-i-quadrat.de\/wp-content\/uploads\/2020\/11\/gis.Business-6_2020_S.42-44_Special.pdf\" target=\"_self\" aria-label=\"gisBusiness-2006_screenshot\"><img decoding=\"async\" width=\"856\" height=\"1206\" alt=\"VDE Verlag, gis.Business 06\/2020 Artikel\" src=\"https:\/\/www.projekt-i-quadrat.de\/wp-content\/uploads\/2020\/11\/gisBusiness-2006_screenshot.jpg\" class=\"img-responsive wp-image-17245\" srcset=\"https:\/\/www.projekt-i-quadrat.de\/wp-content\/uploads\/2020\/11\/gisBusiness-2006_screenshot-200x282.jpg 200w, https:\/\/www.projekt-i-quadrat.de\/wp-content\/uploads\/2020\/11\/gisBusiness-2006_screenshot-400x564.jpg 400w, https:\/\/www.projekt-i-quadrat.de\/wp-content\/uploads\/2020\/11\/gisBusiness-2006_screenshot-600x845.jpg 600w, https:\/\/www.projekt-i-quadrat.de\/wp-content\/uploads\/2020\/11\/gisBusiness-2006_screenshot-800x1127.jpg 800w, https:\/\/www.projekt-i-quadrat.de\/wp-content\/uploads\/2020\/11\/gisBusiness-2006_screenshot.jpg 856w\" sizes=\"(max-width: 800px) 100vw, 400px\" \/><\/a><\/span><div class=\"fusion-clearfix\"><\/div><\/div><\/div><div class=\"fusion-layout-column fusion_builder_column fusion-builder-column-24 fusion_builder_column_1_1 1_1 fusion-one-full fusion-column-first fusion-column-last\" style=\"margin-top:0px;margin-bottom:20px;\"><div class=\"fusion-column-wrapper fusion-flex-column-wrapper-legacy\" style=\"background-position:left top;background-repeat:no-repeat;-webkit-background-size:cover;-moz-background-size:cover;-o-background-size:cover;background-size:cover;padding: 0px 0px 0px 0px;\"><div class=\"fusion-sep-clear\"><\/div><div class=\"fusion-separator fusion-full-width-sep\" style=\"margin-left: auto;margin-right: auto;margin-top:20px;margin-bottom:20px;width:100%;\"><div class=\"fusion-separator-border sep-double\" style=\"border-color:#e0dede;border-top-width:1px;border-bottom-width:1px;\"><\/div><\/div><div class=\"fusion-sep-clear\"><\/div><div class=\"fusion-clearfix\"><\/div><\/div><\/div><\/div><\/div><div class=\"fusion-fullwidth fullwidth-box fusion-builder-row-7 nonhundred-percent-fullwidth non-hundred-percent-height-scrolling\" style=\"background-color: #ffffff;background-position: center center;background-repeat: no-repeat;padding-top:0px;padding-right:0px;padding-bottom:0px;padding-left:0px;margin-bottom: 0px;margin-top: 0px;border-width: 0px 0px 0px 0px;border-color:#eae9e9;border-style:solid;\" ><div class=\"fusion-builder-row fusion-row\"><div class=\"fusion-layout-column fusion_builder_column fusion-builder-column-25 fusion_builder_column_1_1 1_1 fusion-one-full fusion-column-first fusion-column-last\" style=\"margin-top:0px;margin-bottom:20px;\"><div class=\"fusion-column-wrapper fusion-flex-column-wrapper-legacy\" style=\"background-position:left top;background-repeat:no-repeat;-webkit-background-size:cover;-moz-background-size:cover;-o-background-size:cover;background-size:cover;padding: 0px 0px 0px 0px;\"><style type=\"text\/css\"><\/style><div class=\"fusion-title title fusion-title-7 fusion-sep-none fusion-title-text fusion-title-size-two\" style=\"margin-top:0px;margin-right:0px;margin-bottom:31px;margin-left:0px;\"><h2 class=\"title-heading-left fusion-responsive-typography-calculated\" style=\"margin:0;--fontSize:20;--minFontSize:20px;line-height:1.5;\"><p>Erneut Artikel zu Starkregen in den <em>L\u00fcbecker Nachrichten<br \/>\n<\/em><\/p><\/h2><\/div><div class=\"fusion-clearfix\"><\/div><\/div><\/div><div class=\"fusion-layout-column fusion_builder_column fusion-builder-column-26 fusion_builder_column_2_3 2_3 fusion-two-third fusion-column-first\" style=\"width:66.6666666667%;width:calc(66.6666666667% - ( ( 4% ) * 0.666666666667 ) );margin-right: 4%;margin-top:0px;margin-bottom:20px;\"><div class=\"fusion-column-wrapper fusion-flex-column-wrapper-legacy\" style=\"background-position:left top;background-repeat:no-repeat;-webkit-background-size:cover;-moz-background-size:cover;-o-background-size:cover;background-size:cover;padding: 0px 0px 0px 0px;\"><div class=\"fusion-text fusion-text-8\"><p>Die <em>L\u00fcbecker Nachrichten<\/em> berichten erneut \u00fcber die Gefahren und Risiken zunehmender Starkregenereignisse als Folge des Klimawandels. Auch wenn L\u00fcbeck bisher seltener als andere Regionen von Wetterextremen betroffen war, so ist &#8222;(&#8230;) der Temperaturanstieg in Schleswig-Holstein (&#8230;) ausgepr\u00e4gter als im weltweiten Durchschnitt&#8220; (zitiert die <em>LN<\/em> Dr. Thomas Einfalt von hydro &amp; meteo GmbH).<\/p>\n<p>Die <a href=\"https:\/\/www.hydrometeo.de\/\">hydro &amp; meteo GmbH<\/a> arbeitet bereits seit einigen Jahren in verschiedenen Projekten mit der Hansestadt L\u00fcbeck zur kommunalen Klimaanpassung: Das Projekt <a href=\"https:\/\/www.projekt-i-quadrat.de\/index.php\/rainahead\/\"><em>RainAhead<\/em> <\/a>(&#8222;Regen in Sicht&#8220;) hat Planungs- und Warnwerkzeuge f\u00fcr Starkregen im urbanen Bereich geschaffen. Im Folgeprojekt i-quadrat, das als \u201ekommunales Leuchtturmvorhaben zur Anpassung an den Klimawandel\u201c f\u00fcr die Jahre 2018 \u2013 2020 vom Bundesministerium f\u00fcr Umwelt, Naturschutz und nukleare Sicherheit gef\u00f6rdert wird, geht es vorrangig um das Thema Vorsorge in Bezug auf Starkregenereignisse. Weitere Ziele sind dabei der Aufbau von lokalen und regionalen Kooperationen sowie die Intensivierung der Kommunikation mit B\u00fcrgerInnen und weiteren Zielgruppen.<\/p>\n<p>Durch Zeitungsartikel, Workshops und Brosch\u00fcren \u00fcber die Gefahren von Starkregen und wie man sich davor sch\u00fctzen kann, kommt das Thema mehr und mehr in der Bev\u00f6lkerung an.<\/p>\n<p>Lesen Sie den Artikel mit Klick auf den nebenstehenden Titel:<\/p>\n<p><em>11.12.2019<\/em><\/p>\n<\/div><div class=\"fusion-clearfix\"><\/div><\/div><\/div><div class=\"fusion-layout-column fusion_builder_column fusion-builder-column-27 fusion_builder_column_1_3 1_3 fusion-one-third fusion-column-last\" style=\"width:33.3333333333%;width:calc(33.3333333333% - ( ( 4% ) * 0.333333333333 ) );margin-top:0px;margin-bottom:20px;\"><div class=\"fusion-column-wrapper fusion-flex-column-wrapper-legacy\" style=\"background-position:left top;background-repeat:no-repeat;-webkit-background-size:cover;-moz-background-size:cover;-o-background-size:cover;background-size:cover;padding: 0px 0px 0px 0px;\"><span class=\" fusion-imageframe imageframe-none imageframe-11 hover-type-none\" style=\"border:1px solid #ededed;\"><a class=\"fusion-no-lightbox\" href=\"https:\/\/www.projekt-i-quadrat.de\/wp-content\/uploads\/2019\/12\/LN-20191210-Starkregen.pdf\" target=\"_self\" aria-label=\"LN-20191210-Starkregen_vorschau\"><img decoding=\"async\" width=\"294\" height=\"500\" alt=\"L\u00fcbecker Nachrichten Seite Artikel\" src=\"https:\/\/www.projekt-i-quadrat.de\/wp-content\/uploads\/2019\/12\/LN-20191210-Starkregen_vorschau.png\" class=\"img-responsive wp-image-17224\" srcset=\"https:\/\/www.projekt-i-quadrat.de\/wp-content\/uploads\/2019\/12\/LN-20191210-Starkregen_vorschau-200x340.png 200w, https:\/\/www.projekt-i-quadrat.de\/wp-content\/uploads\/2019\/12\/LN-20191210-Starkregen_vorschau.png 294w\" sizes=\"(max-width: 800px) 100vw, 294px\" \/><\/a><\/span><div class=\"fusion-clearfix\"><\/div><\/div><\/div><div class=\"fusion-layout-column fusion_builder_column fusion-builder-column-28 fusion_builder_column_1_1 1_1 fusion-one-full fusion-column-first fusion-column-last\" style=\"margin-top:0px;margin-bottom:20px;\"><div class=\"fusion-column-wrapper fusion-flex-column-wrapper-legacy\" style=\"background-position:left top;background-repeat:no-repeat;-webkit-background-size:cover;-moz-background-size:cover;-o-background-size:cover;background-size:cover;padding: 0px 0px 0px 0px;\"><div class=\"fusion-sep-clear\"><\/div><div class=\"fusion-separator fusion-full-width-sep\" style=\"margin-left: auto;margin-right: auto;margin-top:20px;margin-bottom:20px;width:100%;\"><div class=\"fusion-separator-border sep-double\" style=\"border-color:#e0dede;border-top-width:1px;border-bottom-width:1px;\"><\/div><\/div><div class=\"fusion-sep-clear\"><\/div><div class=\"fusion-clearfix\"><\/div><\/div><\/div><\/div><\/div><div class=\"fusion-fullwidth fullwidth-box fusion-builder-row-8 nonhundred-percent-fullwidth non-hundred-percent-height-scrolling\" style=\"background-color: #ffffff;background-position: center center;background-repeat: no-repeat;padding-top:0px;padding-right:0px;padding-bottom:0px;padding-left:0px;margin-bottom: 0px;margin-top: 0px;border-width: 0px 0px 0px 0px;border-color:#eae9e9;border-style:solid;\" ><div class=\"fusion-builder-row fusion-row\"><div class=\"fusion-layout-column fusion_builder_column fusion-builder-column-29 fusion_builder_column_1_1 1_1 fusion-one-full fusion-column-first fusion-column-last\" style=\"margin-top:0px;margin-bottom:20px;\"><div class=\"fusion-column-wrapper fusion-flex-column-wrapper-legacy\" style=\"background-position:left top;background-repeat:no-repeat;-webkit-background-size:cover;-moz-background-size:cover;-o-background-size:cover;background-size:cover;padding: 0px 0px 0px 0px;\"><style type=\"text\/css\"><\/style><div class=\"fusion-title title fusion-title-8 fusion-sep-none fusion-title-text fusion-title-size-two\" style=\"margin-top:0px;margin-right:0px;margin-bottom:31px;margin-left:0px;\"><h2 class=\"title-heading-left fusion-responsive-typography-calculated\" style=\"margin:0;--fontSize:20;--minFontSize:20px;line-height:1.5;\">Tag der Geodateninfrastruktur Schleswig-Holstein 2019<\/h2><\/div><div class=\"fusion-clearfix\"><\/div><\/div><\/div><div class=\"fusion-layout-column fusion_builder_column fusion-builder-column-30 fusion_builder_column_2_3 2_3 fusion-two-third fusion-column-first\" style=\"width:66.6666666667%;width:calc(66.6666666667% - ( ( 4% ) * 0.666666666667 ) );margin-right: 4%;margin-top:0px;margin-bottom:20px;\"><div class=\"fusion-column-wrapper fusion-flex-column-wrapper-legacy\" style=\"background-position:left top;background-repeat:no-repeat;-webkit-background-size:cover;-moz-background-size:cover;-o-background-size:cover;background-size:cover;padding: 0px 0px 0px 0px;\"><div class=\"fusion-text fusion-text-9\"><p>Der Tag der Geodateninfrastruktur Schleswig-Holstein (GDI-SH) 2019 fand am 28. Februar in Kiel statt. Wir waren dort mit einem Stand zum Thema \u201eStarkregen \u2013 Schadensminimierung mit Hilfe INSPIRE konformer Daten\u201c vertreten. Die Veranstaltung unter dem Motto \u201eGDI-SH \u2013 ein Meer an Daten\u201c hat sich mit der Bedeutung von Geodaten f\u00fcr die Arbeit der Landes- und Kommunalverwaltung sowie f\u00fcr die Wirtschaft, die Wissenschaft und die \u00d6ffentlichkeit und ihrem Nutzen im Umgang mit gesellschaftlichen Herausforderungen besch\u00e4ftigt.<\/p>\n<p><a title=\"Beim Klick auf diesen Link verlassen Sie die Seite i-quadrat\" href=\"https:\/\/gdi-sh.de\/DE\/GDISH\/Dokumente\/Kurzmeldungen\/download_tagDerGdiSh19.pdf;jsessionid=E7B2D8DD82B3D1D40C0C404300B54F16?__blob=publicationFile&amp;v=2\" target=\"_blank\" rel=\"noopener noreferrer\"><strong>Hier<\/strong><\/a> finden Sie den Programmflyer.<\/p>\n<p><em>21.02.2019<\/em><\/p>\n<\/div><div class=\"fusion-clearfix\"><\/div><\/div><\/div><div class=\"fusion-layout-column fusion_builder_column fusion-builder-column-31 fusion_builder_column_1_3 1_3 fusion-one-third fusion-column-last\" style=\"width:33.3333333333%;width:calc(33.3333333333% - ( ( 4% ) * 0.333333333333 ) );margin-top:0px;margin-bottom:20px;\"><div class=\"fusion-column-wrapper fusion-flex-column-wrapper-legacy\" style=\"background-position:left top;background-repeat:no-repeat;-webkit-background-size:cover;-moz-background-size:cover;-o-background-size:cover;background-size:cover;padding: 0px 0px 0px 0px;\"><span class=\" fusion-imageframe imageframe-none imageframe-12 hover-type-none\" style=\"border:1px solid #ededed;\"><a class=\"fusion-no-lightbox\" href=\"https:\/\/www.projekt-i-quadrat.de\/wp-content\/uploads\/2019\/02\/poster_gdi-sh_2019.pdf\" target=\"_self\" aria-label=\"Poster_GDI-SH-TAG_2019\"><img decoding=\"async\" width=\"208\" height=\"300\" alt=\"Poster\/ Plakat zum GDI-SH Tag 28.2.2019\" src=\"https:\/\/www.projekt-i-quadrat.de\/wp-content\/uploads\/2019\/02\/Poster_GDI-SH-TAG_2019-208x300.jpg\" class=\"img-responsive wp-image-17106\" srcset=\"https:\/\/www.projekt-i-quadrat.de\/wp-content\/uploads\/2019\/02\/Poster_GDI-SH-TAG_2019-200x289.jpg 200w, https:\/\/www.projekt-i-quadrat.de\/wp-content\/uploads\/2019\/02\/Poster_GDI-SH-TAG_2019-400x578.jpg 400w, https:\/\/www.projekt-i-quadrat.de\/wp-content\/uploads\/2019\/02\/Poster_GDI-SH-TAG_2019-600x867.jpg 600w, https:\/\/www.projekt-i-quadrat.de\/wp-content\/uploads\/2019\/02\/Poster_GDI-SH-TAG_2019.jpg 720w\" sizes=\"(max-width: 800px) 100vw, 400px\" \/><\/a><\/span><div class=\"fusion-clearfix\"><\/div><\/div><\/div><div class=\"fusion-layout-column fusion_builder_column fusion-builder-column-32 fusion_builder_column_1_1 1_1 fusion-one-full fusion-column-first fusion-column-last\" style=\"margin-top:0px;margin-bottom:20px;\"><div class=\"fusion-column-wrapper fusion-flex-column-wrapper-legacy\" style=\"background-position:left top;background-repeat:no-repeat;-webkit-background-size:cover;-moz-background-size:cover;-o-background-size:cover;background-size:cover;padding: 0px 0px 0px 0px;\"><div class=\"fusion-sep-clear\"><\/div><div class=\"fusion-separator fusion-full-width-sep\" style=\"margin-left: auto;margin-right: auto;margin-top:20px;margin-bottom:20px;width:100%;\"><div class=\"fusion-separator-border sep-double\" style=\"border-color:#e0dede;border-top-width:1px;border-bottom-width:1px;\"><\/div><\/div><div class=\"fusion-sep-clear\"><\/div><div class=\"fusion-clearfix\"><\/div><\/div><\/div><\/div><\/div><div class=\"fusion-fullwidth fullwidth-box fusion-builder-row-9 nonhundred-percent-fullwidth non-hundred-percent-height-scrolling\" style=\"background-color: #ffffff;background-position: center center;background-repeat: no-repeat;padding-top:0px;padding-right:0px;padding-bottom:0px;padding-left:0px;margin-bottom: 0px;margin-top: 0px;border-width: 0px 0px 0px 0px;border-color:#eae9e9;border-style:solid;\" ><div class=\"fusion-builder-row fusion-row\"><div class=\"fusion-layout-column fusion_builder_column fusion-builder-column-33 fusion_builder_column_1_1 1_1 fusion-one-full fusion-column-first fusion-column-last\" style=\"margin-top:0px;margin-bottom:20px;\"><div class=\"fusion-column-wrapper fusion-flex-column-wrapper-legacy\" style=\"background-position:left top;background-repeat:no-repeat;-webkit-background-size:cover;-moz-background-size:cover;-o-background-size:cover;background-size:cover;padding: 0px 0px 0px 0px;\"><style type=\"text\/css\"><\/style><div class=\"fusion-title title fusion-title-9 fusion-sep-none fusion-title-text fusion-title-size-two\" style=\"margin-top:0px;margin-right:0px;margin-bottom:31px;margin-left:0px;\"><h2 class=\"title-heading-left fusion-responsive-typography-calculated\" style=\"margin:0;--fontSize:20;--minFontSize:20px;line-height:1.5;\">Die L\u00fcbecker Nachrichten berichten:<\/h2><\/div><div class=\"fusion-clearfix\"><\/div><\/div><\/div><div class=\"fusion-layout-column fusion_builder_column fusion-builder-column-34 fusion_builder_column_2_3 2_3 fusion-two-third fusion-column-first\" style=\"width:66.6666666667%;width:calc(66.6666666667% - ( ( 4% ) * 0.666666666667 ) );margin-right: 4%;margin-top:0px;margin-bottom:20px;\"><div class=\"fusion-column-wrapper fusion-flex-column-wrapper-legacy\" style=\"background-position:left top;background-repeat:no-repeat;-webkit-background-size:cover;-moz-background-size:cover;-o-background-size:cover;background-size:cover;padding: 0px 0px 0px 0px;\"><div class=\"fusion-text fusion-text-10\"><p>Am 09. November 2018 berichteten die L\u00fcbecker Nachrichten (LN) ausf\u00fchrlich \u00fcber die Brosch\u00fcre &#8222;L\u00fcbeck sorgt vor: Schutz vor Starkregen&#8220;, die Uta Neubourg vom Umweltamt beim 1. L\u00fcbecker Starkregenforum in der Technischen Hochschule vorgestellt hat.<\/p>\n<p>L\u00fcbeck bereitet sich seit Jahren auf die Folgen des Klimawandels vor. &#8222;Die mittlere Jahrestemperatur ist laut Aufzeichnungen der hiesigen Wetterstationen in den vergangenen Jahrzehnten gestiegen und wird sich nach Berechnungen von Meteorologen weiter erh\u00f6hen &#8211; die Starkregenereignisse ebenso&#8220;, hei\u00dft es in der Brosch\u00fcre.<\/p>\n<p>Die LN berichten auch \u00fcber die verschiedenen Projekte der teilnehmenden Akteure: <a href=\"https:\/\/www.th-luebeck.de\" rel=\"noopener\">Technische Hochschule<\/a>, <a href=\"http:\/\/www.luebeck.de\/bewohner\/umwelt_gesundheit\/\" rel=\"noopener\">Stadtplanung<\/a>, <a href=\"http:\/\/fb03.luebeck.de\/feuerwehr\/index.html\" rel=\"noopener\">Feuerwehr<\/a>, <a href=\"https:\/\/www.unv.luebeck.de\/klimaschutz\/klimawandel.html\" rel=\"noopener\">Umweltbeh\u00f6rde<\/a> und die Firma <a href=\"https:\/\/www.hydrometeo.de\" rel=\"noopener\">hydro &amp; meteo<\/a>, die sich zum kommunalen Klimaschutz zusammen geschlossen haben.<\/p>\n<p>Lesen Sie den <a href=\"https:\/\/www.projekt-i-quadrat.de\/wp-content\/uploads\/2019\/01\/20181109-LN-HP-HLW-09-09.pdf\">ganzen Artikel in der LN<\/a>.<\/p>\n<p><em>10.11.2018<\/em><\/p>\n<\/div><div class=\"fusion-clearfix\"><\/div><\/div><\/div><div class=\"fusion-layout-column fusion_builder_column fusion-builder-column-35 fusion_builder_column_1_3 1_3 fusion-one-third fusion-column-last\" style=\"width:33.3333333333%;width:calc(33.3333333333% - ( ( 4% ) * 0.333333333333 ) );margin-top:0px;margin-bottom:20px;\"><div class=\"fusion-column-wrapper fusion-flex-column-wrapper-legacy\" style=\"background-position:left top;background-repeat:no-repeat;-webkit-background-size:cover;-moz-background-size:cover;-o-background-size:cover;background-size:cover;padding: 0px 0px 0px 0px;\"><span class=\" fusion-imageframe imageframe-none imageframe-13 hover-type-none\" style=\"border:1px solid #ededed;\"><a class=\"fusion-no-lightbox\" href=\"https:\/\/www.projekt-i-quadrat.de\/wp-content\/uploads\/2019\/01\/20181109-LN-HP-HLW-09-09.pdf\" target=\"_self\" aria-label=\"screen_LN\"><img decoding=\"async\" width=\"630\" height=\"899\" alt=\"Seite 9 der L\u00fcbecker Nachrichten vom 9.11.2018\" src=\"https:\/\/www.projekt-i-quadrat.de\/wp-content\/uploads\/2019\/01\/screen_LN.jpg\" class=\"img-responsive wp-image-16829\" srcset=\"https:\/\/www.projekt-i-quadrat.de\/wp-content\/uploads\/2019\/01\/screen_LN-200x285.jpg 200w, https:\/\/www.projekt-i-quadrat.de\/wp-content\/uploads\/2019\/01\/screen_LN-400x571.jpg 400w, https:\/\/www.projekt-i-quadrat.de\/wp-content\/uploads\/2019\/01\/screen_LN-600x856.jpg 600w, https:\/\/www.projekt-i-quadrat.de\/wp-content\/uploads\/2019\/01\/screen_LN.jpg 630w\" sizes=\"(max-width: 800px) 100vw, 400px\" \/><\/a><\/span><div class=\"fusion-clearfix\"><\/div><\/div><\/div><div class=\"fusion-layout-column fusion_builder_column fusion-builder-column-36 fusion_builder_column_1_1 1_1 fusion-one-full fusion-column-first fusion-column-last\" style=\"margin-top:0px;margin-bottom:20px;\"><div class=\"fusion-column-wrapper fusion-flex-column-wrapper-legacy\" style=\"background-position:left top;background-repeat:no-repeat;-webkit-background-size:cover;-moz-background-size:cover;-o-background-size:cover;background-size:cover;padding: 0px 0px 0px 0px;\"><div class=\"fusion-sep-clear\"><\/div><div class=\"fusion-separator fusion-full-width-sep\" style=\"margin-left: auto;margin-right: auto;margin-top:20px;margin-bottom:20px;width:100%;\"><div class=\"fusion-separator-border sep-double\" style=\"border-color:#e0dede;border-top-width:1px;border-bottom-width:1px;\"><\/div><\/div><div class=\"fusion-sep-clear\"><\/div><div class=\"fusion-clearfix\"><\/div><\/div><\/div><\/div><\/div><div class=\"fusion-fullwidth fullwidth-box fusion-builder-row-10 hundred-percent-fullwidth non-hundred-percent-height-scrolling\" style=\"background-color: #ffffff;background-position: center center;background-repeat: no-repeat;padding-top:0px;padding-right:0px;padding-bottom:0px;padding-left:0px;margin-bottom: 0px;margin-top: 0px;border-width: 0px 0px 0px 0px;border-color:#eae9e9;border-style:solid;\" ><div class=\"fusion-builder-row fusion-row\"><div class=\"fusion-layout-column fusion_builder_column fusion-builder-column-37 fusion_builder_column_1_1 1_1 fusion-one-full fusion-column-first fusion-column-last\" style=\"margin-top:0px;margin-bottom:20px;\"><div class=\"fusion-column-wrapper fusion-flex-column-wrapper-legacy\" style=\"background-position:left top;background-repeat:no-repeat;-webkit-background-size:cover;-moz-background-size:cover;-o-background-size:cover;background-size:cover;padding: 0px 0px 0px 0px;\"><style type=\"text\/css\"><\/style><div class=\"fusion-title title fusion-title-10 fusion-sep-none fusion-title-text fusion-title-size-two\" style=\"margin-top:0px;margin-right:0px;margin-bottom:31px;margin-left:0px;\"><h2 class=\"title-heading-left fusion-responsive-typography-calculated\" style=\"margin:0;--fontSize:20;--minFontSize:20px;line-height:1.5;\">Die Brosch\u00fcre &#8222;L\u00fcbeck sorgt vor: Schutz vor Starkregen&#8220; ist erschienen<\/h2><\/div><div class=\"fusion-clearfix\"><\/div><\/div><\/div><div class=\"fusion-layout-column fusion_builder_column fusion-builder-column-38 fusion_builder_column_2_3 2_3 fusion-two-third fusion-column-first\" style=\"width:66.6666666667%;width:calc(66.6666666667% - ( ( 4% ) * 0.666666666667 ) );margin-right: 4%;margin-top:0px;margin-bottom:20px;\"><div class=\"fusion-column-wrapper fusion-flex-column-wrapper-legacy\" style=\"background-position:left top;background-repeat:no-repeat;-webkit-background-size:cover;-moz-background-size:cover;-o-background-size:cover;background-size:cover;padding: 0px 0px 0px 0px;\"><div class=\"fusion-text fusion-text-11\"><p>Wie sich L\u00fcbecker Hauseigent\u00fcmer und Bauwillige vorsorgend gegen\u00fcber Starkregenereignissen sch\u00fctzen k\u00f6nnen, erfahren sie in einer Brosch\u00fcre, die im Rahmen des Projektes \u201eRegen \/\/ Sicher \/\/ L\u00fcbeck \u2013 Starkregenvorsorge gemeinsam gestalten\u201c erarbeitet wurde. Dieses wird im Auftrag des Kompetenzzentrums Klimafolgen und Anpassung (KomPass) im Umweltbundesamt von ecolo \u2013 Agentur f\u00fcr \u00d6kologie und Kommunikation und e-fect dialog evaluation consulting eG durchgef\u00fchrt.<\/p>\n<p>Sie k\u00f6nnen die Brosch\u00fcre <strong><a href=\"https:\/\/www.projekt-i-quadrat.de\/wp-content\/uploads\/2018\/12\/Brosch\u00fcre-Schutz-vor-Starkregen.pdf\">hier<\/a><\/strong> ansehen und herunterladen.<\/p>\n<p><em>08.11.2018<\/em><\/p>\n<\/div><div class=\"fusion-clearfix\"><\/div><\/div><\/div><div class=\"fusion-layout-column fusion_builder_column fusion-builder-column-39 fusion_builder_column_1_3 1_3 fusion-one-third fusion-column-last\" style=\"width:33.3333333333%;width:calc(33.3333333333% - ( ( 4% ) * 0.333333333333 ) );margin-top:0px;margin-bottom:20px;\"><div class=\"fusion-column-wrapper fusion-flex-column-wrapper-legacy\" style=\"background-position:left top;background-repeat:no-repeat;-webkit-background-size:cover;-moz-background-size:cover;-o-background-size:cover;background-size:cover;padding: 0px 0px 0px 0px;\"><span class=\" fusion-imageframe imageframe-none imageframe-14 hover-type-none\" style=\"border:1px solid #e0dede;\"><a class=\"fusion-no-lightbox\" href=\"https:\/\/www.projekt-i-quadrat.de\/wp-content\/uploads\/2018\/12\/Brosch\u00fcre-Schutz-vor-Starkregen.pdf\" target=\"_self\" aria-label=\"Titel_Brosch\u00fcre\"><img decoding=\"async\" width=\"595\" height=\"841\" alt=\"Titelblatt der Brosch\u00fcre: L\u00fcbeck sorgt vor: Schutz vor Starkregen\" src=\"https:\/\/www.projekt-i-quadrat.de\/wp-content\/uploads\/2019\/01\/Titel_Brosch\u00fcre.jpg\" class=\"img-responsive wp-image-16828\" srcset=\"https:\/\/www.projekt-i-quadrat.de\/wp-content\/uploads\/2019\/01\/Titel_Brosch\u00fcre-200x283.jpg 200w, https:\/\/www.projekt-i-quadrat.de\/wp-content\/uploads\/2019\/01\/Titel_Brosch\u00fcre-400x565.jpg 400w, https:\/\/www.projekt-i-quadrat.de\/wp-content\/uploads\/2019\/01\/Titel_Brosch\u00fcre.jpg 595w\" sizes=\"(max-width: 800px) 100vw, 400px\" \/><\/a><\/span><div class=\"fusion-clearfix\"><\/div><\/div><\/div><div class=\"fusion-layout-column fusion_builder_column fusion-builder-column-40 fusion_builder_column_1_1 1_1 fusion-one-full fusion-column-first fusion-column-last\" style=\"margin-top:0px;margin-bottom:20px;\"><div class=\"fusion-column-wrapper fusion-flex-column-wrapper-legacy\" style=\"background-position:left top;background-repeat:no-repeat;-webkit-background-size:cover;-moz-background-size:cover;-o-background-size:cover;background-size:cover;padding: 0px 0px 0px 0px;\"><div class=\"fusion-sep-clear\"><\/div><div class=\"fusion-separator fusion-full-width-sep\" style=\"margin-left: auto;margin-right: auto;margin-top:20px;margin-bottom:20px;width:100%;\"><div class=\"fusion-separator-border sep-double\" style=\"border-color:#e0dede;border-top-width:1px;border-bottom-width:1px;\"><\/div><\/div><div class=\"fusion-sep-clear\"><\/div><div class=\"fusion-clearfix\"><\/div><\/div><\/div><\/div><\/div><div class=\"fusion-fullwidth fullwidth-box fusion-builder-row-11 nonhundred-percent-fullwidth non-hundred-percent-height-scrolling\" style=\"background-color: #ffffff;background-position: center center;background-repeat: no-repeat;padding-top:0px;padding-right:0px;padding-bottom:0px;padding-left:0px;margin-bottom: 0px;margin-top: 0px;border-width: 0px 0px 0px 0px;border-color:#eae9e9;border-style:solid;\" ><div class=\"fusion-builder-row fusion-row\"><div class=\"fusion-layout-column fusion_builder_column fusion-builder-column-41 fusion_builder_column_1_1 1_1 fusion-one-full fusion-column-first fusion-column-last\" style=\"margin-top:0px;margin-bottom:20px;\"><div class=\"fusion-column-wrapper fusion-flex-column-wrapper-legacy\" style=\"background-position:left top;background-repeat:no-repeat;-webkit-background-size:cover;-moz-background-size:cover;-o-background-size:cover;background-size:cover;padding: 0px 0px 0px 0px;\"><style type=\"text\/css\"><\/style><div class=\"fusion-title title fusion-title-11 fusion-sep-none fusion-title-text fusion-title-size-two\" style=\"margin-top:0px;margin-right:0px;margin-bottom:31px;margin-left:0px;\"><h2 class=\"title-heading-left fusion-responsive-typography-calculated\" style=\"margin:0;--fontSize:20;--minFontSize:20px;line-height:1.5;\"><p class=\"rf-c-typo:xl\">4. Vernetzungstreffen des F\u00f6rderprogramms &#8222;Anpassung an die Folgen des Klimawandels&#8220;<\/p><\/h2><\/div><div class=\"fusion-clearfix\"><\/div><\/div><\/div><div class=\"fusion-layout-column fusion_builder_column fusion-builder-column-42 fusion_builder_column_2_3 2_3 fusion-two-third fusion-column-first\" style=\"width:66.6666666667%;width:calc(66.6666666667% - ( ( 4% ) * 0.666666666667 ) );margin-right: 4%;margin-top:0px;margin-bottom:20px;\"><div class=\"fusion-column-wrapper fusion-flex-column-wrapper-legacy\" style=\"background-position:left top;background-repeat:no-repeat;-webkit-background-size:cover;-moz-background-size:cover;-o-background-size:cover;background-size:cover;padding: 0px 0px 0px 0px;\"><div class=\"fusion-text fusion-text-12\"><p>Das BMU l\u00e4dt jedes Jahr die F\u00f6rdernehmer des F\u00f6rderprogramms &#8222;Ma\u00dfnahmen zur Anpassung an die Folgen des Klimawandels&#8220; zu einem Vernetzungstreffen ein. Im Rahmen von Vortr\u00e4gen, Gespr\u00e4chsrunden mit Workshopcharakter und Podiumsdiskussionen haben die Teilnehmerinnen und Teilnehmer Gelegenheit sich kennenzulernen, sich auszutauschen und voneinander zu lernen.<\/p>\n<p>Wir haben Ihnen das vom BMU erstellte Video nebenstehend verlinkt:<\/p>\n<p><em>10.06.2018<\/em><\/p>\n<\/div><div class=\"fusion-clearfix\"><\/div><\/div><\/div><div class=\"fusion-layout-column fusion_builder_column fusion-builder-column-43 fusion_builder_column_1_3 1_3 fusion-one-third fusion-column-last\" style=\"width:33.3333333333%;width:calc(33.3333333333% - ( ( 4% ) * 0.333333333333 ) );margin-top:0px;margin-bottom:20px;\"><div class=\"fusion-column-wrapper fusion-flex-column-wrapper-legacy\" style=\"background-position:left top;background-repeat:no-repeat;-webkit-background-size:cover;-moz-background-size:cover;-o-background-size:cover;background-size:cover;padding: 0px 0px 0px 0px;\"><span class=\" fusion-imageframe imageframe-none imageframe-15 hover-type-none\" style=\"border:1px solid #ededed;\"><a class=\"fusion-no-lightbox\" href=\"https:\/\/www.bmu.de\/MD852\" target=\"_self\" aria-label=\"BMU-Vernetzungstreffen_2018_video\"><img decoding=\"async\" width=\"747\" height=\"421\" alt=\"Screenshot vom BMU-Video zum 4. Vernetzungstreffen 2018\" src=\"https:\/\/www.projekt-i-quadrat.de\/wp-content\/uploads\/2019\/07\/BMU-Vernetzungstreffen_2018_video.jpg\" class=\"img-responsive wp-image-17215\" srcset=\"https:\/\/www.projekt-i-quadrat.de\/wp-content\/uploads\/2019\/07\/BMU-Vernetzungstreffen_2018_video-200x113.jpg 200w, https:\/\/www.projekt-i-quadrat.de\/wp-content\/uploads\/2019\/07\/BMU-Vernetzungstreffen_2018_video-400x225.jpg 400w, https:\/\/www.projekt-i-quadrat.de\/wp-content\/uploads\/2019\/07\/BMU-Vernetzungstreffen_2018_video-600x338.jpg 600w, https:\/\/www.projekt-i-quadrat.de\/wp-content\/uploads\/2019\/07\/BMU-Vernetzungstreffen_2018_video.jpg 747w\" sizes=\"(max-width: 800px) 100vw, 400px\" \/><\/a><\/span><div class=\"fusion-clearfix\"><\/div><\/div><\/div><div class=\"fusion-layout-column fusion_builder_column fusion-builder-column-44 fusion_builder_column_1_1 1_1 fusion-one-full fusion-column-first fusion-column-last\" style=\"margin-top:0px;margin-bottom:20px;\"><div class=\"fusion-column-wrapper fusion-flex-column-wrapper-legacy\" style=\"background-position:left top;background-repeat:no-repeat;-webkit-background-size:cover;-moz-background-size:cover;-o-background-size:cover;background-size:cover;padding: 0px 0px 0px 0px;\"><div class=\"fusion-sep-clear\"><\/div><div class=\"fusion-separator fusion-full-width-sep\" style=\"margin-left: auto;margin-right: auto;margin-top:20px;margin-bottom:20px;width:100%;\"><div class=\"fusion-separator-border sep-double\" style=\"border-color:#e0dede;border-top-width:1px;border-bottom-width:1px;\"><\/div><\/div><div class=\"fusion-sep-clear\"><\/div><div class=\"fusion-clearfix\"><\/div><\/div><\/div><\/div><\/div><div class=\"fusion-fullwidth fullwidth-box fusion-builder-row-12 nonhundred-percent-fullwidth non-hundred-percent-height-scrolling\" style=\"background-color: #ffffff;background-position: center center;background-repeat: no-repeat;padding-top:0px;padding-right:0px;padding-bottom:0px;padding-left:0px;margin-bottom: 0px;margin-top: 0px;border-width: 0px 0px 0px 0px;border-color:#2381c1;border-style:solid;\" ><div class=\"fusion-builder-row fusion-row\"><div class=\"fusion-layout-column fusion_builder_column fusion-builder-column-45 fusion_builder_column_1_1 1_1 fusion-one-full fusion-column-first fusion-column-last fusion-column-no-min-height\" style=\"margin-top:0px;margin-bottom:20px;\"><div class=\"fusion-column-wrapper fusion-flex-column-wrapper-legacy\" style=\"background-position:left top;background-repeat:no-repeat;-webkit-background-size:cover;-moz-background-size:cover;-o-background-size:cover;background-size:cover;padding: 0px 0px 0px 0px;\"><div class=\"fusion-sep-clear\"><\/div><div class=\"fusion-separator fusion-full-width-sep\" style=\"margin-left: auto;margin-right: auto;margin-top:20px;margin-bottom:20px;width:100%;\"><div class=\"fusion-separator-border sep-single sep-solid\" style=\"border-color:#2381c1;border-top-width:3px;\"><\/div><\/div><div class=\"fusion-sep-clear\"><\/div><div class=\"fusion-text fusion-text-13\"><h3 style=\"text-align: center;\">Gef\u00f6rdert durch:<\/h3>\n<\/div><div class=\"imageframe-align-center\"><span class=\" fusion-imageframe imageframe-none imageframe-16 hover-type-none\"><a class=\"fusion-no-lightbox\" href=\"https:\/\/www.bmu.de\/\" target=\"_blank\" aria-label=\"logo_bmu\" rel=\"noopener noreferrer\"><img decoding=\"async\" width=\"165\" height=\"98\" alt=\"Logo BMU Bundesministerieum f\u00fcr Umwelt und Naturschutz\" src=\"https:\/\/www.projekt-i-quadrat.de\/\/wp-content\/uploads\/2018\/07\/logo_bmu.jpg\" class=\"img-responsive wp-image-16265\"\/><\/a><\/span><\/div><div class=\"fusion-text fusion-text-14\"><h3 style=\"text-align: center;\">Projektpartner:<\/h3>\n<\/div><div class=\"fusion-clearfix\"><\/div><\/div><\/div><div class=\"fusion-layout-column fusion_builder_column fusion-builder-column-46 fusion_builder_column_1_3 1_3 fusion-one-third fusion-column-first\" style=\"width:33.3333333333%;width:calc(33.3333333333% - ( ( 4% + 4% ) * 0.333333333333 ) );margin-right: 4%;margin-top:0px;margin-bottom:20px;\"><div class=\"fusion-column-wrapper fusion-flex-column-wrapper-legacy\" style=\"background-position:left top;background-repeat:no-repeat;-webkit-background-size:cover;-moz-background-size:cover;-o-background-size:cover;background-size:cover;padding: 0px 0px 0px 0px;\"><div class=\"fusion-column-content-centered\"><div class=\"fusion-column-content\"><div class=\"imageframe-align-center\"><span class=\" fusion-imageframe imageframe-none imageframe-17 hover-type-none\"><a class=\"fusion-no-lightbox\" href=\"http:\/\/www.hydrometeo.de\/\" target=\"_blank\" aria-label=\"logoHM_neu_web-normal\" rel=\"noopener noreferrer\"><img decoding=\"async\" width=\"200\" height=\"90\" alt=\"Logo hydro &amp; meteo\" src=\"https:\/\/www.projekt-i-quadrat.de\/wp-content\/uploads\/2020\/01\/logoHM_neu_web-normal.png\" class=\"img-responsive wp-image-17229\"\/><\/a><\/span><\/div><\/div><\/div><div class=\"fusion-clearfix\"><\/div><\/div><\/div><div class=\"fusion-layout-column fusion_builder_column fusion-builder-column-47 fusion_builder_column_1_3 1_3 fusion-one-third\" style=\"width:33.3333333333%;width:calc(33.3333333333% - ( ( 4% + 4% ) * 0.333333333333 ) );margin-right: 4%;margin-top:0px;margin-bottom:20px;\"><div class=\"fusion-column-wrapper fusion-flex-column-wrapper-legacy\" style=\"background-position:left top;background-repeat:no-repeat;-webkit-background-size:cover;-moz-background-size:cover;-o-background-size:cover;background-size:cover;padding: 0px 0px 0px 0px;\"><div class=\"fusion-column-content-centered\"><div class=\"fusion-column-content\"><div class=\"imageframe-align-center\"><span class=\" fusion-imageframe imageframe-none imageframe-18 hover-type-none\" style=\"max-width:160px;\"><a class=\"fusion-no-lightbox\" href=\"https:\/\/www.fh-luebeck.de\/hochschule\/fachbereich-bauwesen\/labore\/labor-fuer-staedtebau-und-ortsplanung\/uebersicht\/\" target=\"_blank\" aria-label=\"TH_Logo_A4_RGB\" rel=\"noopener noreferrer\"><img decoding=\"async\" width=\"300\" height=\"106\" alt=\"Logo FHL Fachhochschule L\u00fcbeck\" src=\"https:\/\/www.projekt-i-quadrat.de\/wp-content\/uploads\/2018\/10\/TH_Logo_A4_RGB-300x106.png\" class=\"img-responsive wp-image-16382\"\/><\/a><\/span><\/div><\/div><\/div><div class=\"fusion-clearfix\"><\/div><\/div><\/div><div class=\"fusion-layout-column fusion_builder_column fusion-builder-column-48 fusion_builder_column_1_3 1_3 fusion-one-third fusion-column-last\" style=\"width:33.3333333333%;width:calc(33.3333333333% - ( ( 4% + 4% ) * 0.333333333333 ) );margin-top:0px;margin-bottom:20px;\"><div class=\"fusion-column-wrapper fusion-flex-column-wrapper-legacy\" style=\"background-position:left top;background-repeat:no-repeat;-webkit-background-size:cover;-moz-background-size:cover;-o-background-size:cover;background-size:cover;padding: 0px 0px 0px 0px;\"><div class=\"fusion-column-content-centered\"><div class=\"fusion-column-content\"><div class=\"imageframe-align-center\"><span class=\" fusion-imageframe imageframe-none imageframe-19 hover-type-none\"><a class=\"fusion-no-lightbox\" href=\"http:\/\/www.luebeck.de\/bewohner\/umwelt_gesundheit\/\" target=\"_blank\" aria-label=\"HL-NAMENSZEICHEN_skal\" rel=\"noopener noreferrer\"><img decoding=\"async\" width=\"300\" height=\"90\" alt=\"Logo Hansestadt L\u00fcbeck\" src=\"https:\/\/www.projekt-i-quadrat.de\/wp-content\/uploads\/2021\/03\/HL-NAMENSZEICHEN_skal-1-300x90.png\" class=\"img-responsive wp-image-17332\" srcset=\"https:\/\/www.projekt-i-quadrat.de\/wp-content\/uploads\/2021\/03\/HL-NAMENSZEICHEN_skal-1-200x60.png 200w, https:\/\/www.projekt-i-quadrat.de\/wp-content\/uploads\/2021\/03\/HL-NAMENSZEICHEN_skal-1-400x120.png 400w, https:\/\/www.projekt-i-quadrat.de\/wp-content\/uploads\/2021\/03\/HL-NAMENSZEICHEN_skal-1.png 600w\" sizes=\"(max-width: 800px) 100vw, 400px\" \/><\/a><\/span><\/div><\/div><\/div><div class=\"fusion-clearfix\"><\/div><\/div><\/div><div class=\"fusion-layout-column fusion_builder_column fusion-builder-column-49 fusion_builder_column_1_1 1_1 fusion-one-full fusion-column-first fusion-column-last\" style=\"margin-top:0px;margin-bottom:20px;\"><div class=\"fusion-column-wrapper fusion-flex-column-wrapper-legacy\" style=\"background-position:left top;background-repeat:no-repeat;-webkit-background-size:cover;-moz-background-size:cover;-o-background-size:cover;background-size:cover;padding: 0px 0px 0px 0px;\"><div class=\"fusion-text fusion-text-15\"><h3 style=\"text-align: center;\">Kooperationspartner:<\/h3>\n<\/div><div class=\"fusion-clearfix\"><\/div><\/div><\/div><div class=\"fusion-layout-column fusion_builder_column fusion-builder-column-50 fusion_builder_column_1_4 1_4 fusion-one-fourth fusion-column-first\" style=\"width:25%;width:calc(25% - ( ( 4% + 4% + 4% ) * 0.25 ) );margin-right: 4%;margin-top:0px;margin-bottom:20px;\"><div class=\"fusion-column-wrapper fusion-flex-column-wrapper-legacy\" style=\"background-position:left top;background-repeat:no-repeat;-webkit-background-size:cover;-moz-background-size:cover;-o-background-size:cover;background-size:cover;padding: 0px 0px 0px 0px;\"><div class=\"fusion-column-content-centered\"><div class=\"fusion-column-content\"><div class=\"imageframe-align-center\"><span class=\" fusion-imageframe imageframe-none imageframe-20 hover-type-none\"><a class=\"fusion-no-lightbox\" href=\"https:\/\/www.vermessung-holst.de \" target=\"_blank\" aria-label=\"Logo_Holst_Helten\" rel=\"noopener noreferrer\"><img decoding=\"async\" width=\"300\" height=\"49\" alt=\"Logo Vermessungsb\u00fcro Holst und Helten\" src=\"https:\/\/www.projekt-i-quadrat.de\/\/wp-content\/uploads\/2018\/07\/Logo_Holst_Helten-300x49.png\" class=\"img-responsive wp-image-16238\" srcset=\"https:\/\/www.projekt-i-quadrat.de\/wp-content\/uploads\/2018\/07\/Logo_Holst_Helten-200x33.png 200w, https:\/\/www.projekt-i-quadrat.de\/wp-content\/uploads\/2018\/07\/Logo_Holst_Helten-400x65.png 400w, https:\/\/www.projekt-i-quadrat.de\/wp-content\/uploads\/2018\/07\/Logo_Holst_Helten-600x98.png 600w, https:\/\/www.projekt-i-quadrat.de\/wp-content\/uploads\/2018\/07\/Logo_Holst_Helten.png 613w\" sizes=\"(max-width: 800px) 100vw, 400px\" \/><\/a><\/span><\/div><\/div><\/div><div class=\"fusion-clearfix\"><\/div><\/div><\/div><div class=\"fusion-layout-column fusion_builder_column fusion-builder-column-51 fusion_builder_column_1_4 1_4 fusion-one-fourth\" style=\"width:25%;width:calc(25% - ( ( 4% + 4% + 4% ) * 0.25 ) );margin-right: 4%;margin-top:0px;margin-bottom:20px;\"><div class=\"fusion-column-wrapper fusion-flex-column-wrapper-legacy\" style=\"background-position:left top;background-repeat:no-repeat;-webkit-background-size:cover;-moz-background-size:cover;-o-background-size:cover;background-size:cover;padding: 0px 0px 0px 0px;\"><div class=\"fusion-column-content-centered\"><div class=\"fusion-column-content\"><div class=\"imageframe-align-center\"><span class=\" fusion-imageframe imageframe-none imageframe-21 hover-type-none\"><a class=\"fusion-no-lightbox\" href=\"https:\/\/www.dres-donoth.de\" target=\"_blank\" aria-label=\"dft_logo\" rel=\"noopener noreferrer\"><img decoding=\"async\" width=\"251\" height=\"57\" alt=\"Logo Anwaltsb\u00fcro Donoth Fuhrmann T\u00fcxen\" src=\"https:\/\/www.projekt-i-quadrat.de\/\/wp-content\/uploads\/2018\/07\/dft_logo.png\" class=\"img-responsive wp-image-16232\" srcset=\"https:\/\/www.projekt-i-quadrat.de\/wp-content\/uploads\/2018\/07\/dft_logo-200x45.png 200w, https:\/\/www.projekt-i-quadrat.de\/wp-content\/uploads\/2018\/07\/dft_logo.png 251w\" sizes=\"(max-width: 800px) 100vw, 251px\" \/><\/a><\/span><\/div><\/div><\/div><div class=\"fusion-clearfix\"><\/div><\/div><\/div><div class=\"fusion-layout-column fusion_builder_column fusion-builder-column-52 fusion_builder_column_1_4 1_4 fusion-one-fourth\" style=\"width:25%;width:calc(25% - ( ( 4% + 4% + 4% ) * 0.25 ) );margin-right: 4%;margin-top:0px;margin-bottom:20px;\"><div class=\"fusion-column-wrapper fusion-flex-column-wrapper-legacy\" style=\"background-position:left top;background-repeat:no-repeat;-webkit-background-size:cover;-moz-background-size:cover;-o-background-size:cover;background-size:cover;padding: 0px 0px 0px 0px;\"><div class=\"fusion-column-content-centered\"><div class=\"fusion-column-content\"><div class=\"imageframe-align-center\"><span class=\" fusion-imageframe imageframe-none imageframe-22 hover-type-none\"><a class=\"fusion-no-lightbox\" href=\"http:\/\/www.stadtfehmarn.de\" target=\"_blank\" aria-label=\"Stadtwappen_Fehmarn2019_neu\" rel=\"noopener noreferrer\"><img decoding=\"async\" width=\"100\" height=\"109\" alt=\"Logo Stadt Fehmarn\" src=\"https:\/\/www.projekt-i-quadrat.de\/wp-content\/uploads\/2019\/08\/Stadtwappen_Fehmarn2019_neu.png\" class=\"img-responsive wp-image-17218\"\/><\/a><\/span><\/div><\/div><\/div><div class=\"fusion-clearfix\"><\/div><\/div><\/div><div class=\"fusion-layout-column fusion_builder_column fusion-builder-column-53 fusion_builder_column_1_4 1_4 fusion-one-fourth fusion-column-last\" style=\"width:25%;width:calc(25% - ( ( 4% + 4% + 4% ) * 0.25 ) );margin-top:0px;margin-bottom:20px;\"><div class=\"fusion-column-wrapper fusion-flex-column-wrapper-legacy\" style=\"background-position:left top;background-repeat:no-repeat;-webkit-background-size:cover;-moz-background-size:cover;-o-background-size:cover;background-size:cover;padding: 0px 0px 0px 0px;\"><div class=\"fusion-column-content-centered\"><div class=\"fusion-column-content\"><div class=\"imageframe-align-center\"><span class=\" fusion-imageframe imageframe-none imageframe-23 hover-type-none\"><a class=\"fusion-no-lightbox\" href=\"https:\/\/www.hameln.de\/de\/wirtschaft-stadt-umwelt\" target=\"_blank\" aria-label=\"StadtHameln_Logo_rgb\" rel=\"noopener noreferrer\"><img decoding=\"async\" width=\"105\" height=\"100\" alt=\"Logo Stadt Hameln\" src=\"https:\/\/www.projekt-i-quadrat.de\/wp-content\/uploads\/2021\/03\/StadtHameln_Logo_rgb.png\" class=\"img-responsive wp-image-17303\"\/><\/a><\/span><\/div><\/div><\/div><div class=\"fusion-clearfix\"><\/div><\/div><\/div><\/div><\/div>\n<\/p>\n","protected":false},"excerpt":{"rendered":"","protected":false},"author":1,"featured_media":0,"parent":0,"menu_order":3,"comment_status":"closed","ping_status":"closed","template":"","meta":{"footnotes":""},"class_list":["post-13776","page","type-page","status-publish","hentry"],"aioseo_notices":[],"_links":{"self":[{"href":"https:\/\/www.projekt-i-quadrat.de\/index.php\/wp-json\/wp\/v2\/pages\/13776","targetHints":{"allow":["GET"]}}],"collection":[{"href":"https:\/\/www.projekt-i-quadrat.de\/index.php\/wp-json\/wp\/v2\/pages"}],"about":[{"href":"https:\/\/www.projekt-i-quadrat.de\/index.php\/wp-json\/wp\/v2\/types\/page"}],"author":[{"embeddable":true,"href":"https:\/\/www.projekt-i-quadrat.de\/index.php\/wp-json\/wp\/v2\/users\/1"}],"replies":[{"embeddable":true,"href":"https:\/\/www.projekt-i-quadrat.de\/index.php\/wp-json\/wp\/v2\/comments?post=13776"}],"version-history":[{"count":49,"href":"https:\/\/www.projekt-i-quadrat.de\/index.php\/wp-json\/wp\/v2\/pages\/13776\/revisions"}],"predecessor-version":[{"id":17324,"href":"https:\/\/www.projekt-i-quadrat.de\/index.php\/wp-json\/wp\/v2\/pages\/13776\/revisions\/17324"}],"wp:attachment":[{"href":"https:\/\/www.projekt-i-quadrat.de\/index.php\/wp-json\/wp\/v2\/media?parent=13776"}],"curies":[{"name":"wp","href":"https:\/\/api.w.org\/{rel}","templated":true}]}}